{"id":311,"date":"2025-10-02T12:34:40","date_gmt":"2025-10-02T12:34:40","guid":{"rendered":"http:\/\/avih.org\/?page_id=311"},"modified":"2026-04-17T07:04:14","modified_gmt":"2026-04-17T07:04:14","slug":"pass","status":"publish","type":"page","link":"https:\/\/avih.org\/index.php\/pass\/","title":{"rendered":"PASS"},"content":{"rendered":"\t\t<div data-elementor-type=\"wp-page\" data-elementor-id=\"311\" class=\"elementor elementor-311\" data-elementor-post-type=\"page\">\n\t\t\t\t<div class=\"elementor-element elementor-element-69389349 e-con-full e-flex e-con e-parent\" data-id=\"69389349\" data-element_type=\"container\" data-e-type=\"container\" data-settings=\"{&quot;background_background&quot;:&quot;classic&quot;}\">\n\t\t\t\t<\/div>\n\t\t<div class=\"elementor-element elementor-element-54709278 e-flex e-con-boxed e-con e-parent\" data-id=\"54709278\" data-element_type=\"container\" data-e-type=\"container\">\n\t\t\t\t\t<div class=\"e-con-inner\">\n\t\t\t\t<div class=\"elementor-element elementor-element-165a2506 elementor-widget elementor-widget-spacer\" data-id=\"165a2506\" data-element_type=\"widget\" data-e-type=\"widget\" data-widget_type=\"spacer.default\">\n\t\t\t\t\t\t\t<div class=\"elementor-spacer\">\n\t\t\t<div class=\"elementor-spacer-inner\"><\/div>\n\t\t<\/div>\n\t\t\t\t\t\t<\/div>\n\t\t\t\t\t<\/div>\n\t\t\t\t<\/div>\n\t\t<div class=\"elementor-element elementor-element-7e6f591d e-flex e-con-boxed e-con e-parent\" data-id=\"7e6f591d\" data-element_type=\"container\" data-e-type=\"container\">\n\t\t\t\t\t<div class=\"e-con-inner\">\n\t\t\t\t<div class=\"elementor-element elementor-element-646c8beb elementor-widget elementor-widget-heading\" data-id=\"646c8beb\" data-element_type=\"widget\" data-e-type=\"widget\" data-widget_type=\"heading.default\">\n\t\t\t\t\t<h2 class=\"elementor-heading-title elementor-size-default\">La PASS de ville renforc\u00e9e<\/h2>\t\t\t\t<\/div>\n\t\t\t\t\t<\/div>\n\t\t\t\t<\/div>\n\t\t<div class=\"elementor-element elementor-element-575ac5f1 e-flex e-con-boxed e-con e-parent\" data-id=\"575ac5f1\" data-element_type=\"container\" data-e-type=\"container\">\n\t\t\t\t\t<div class=\"e-con-inner\">\n\t\t\t\t<div class=\"elementor-element elementor-element-1fa60ba3 elementor-widget elementor-widget-spacer\" data-id=\"1fa60ba3\" data-element_type=\"widget\" data-e-type=\"widget\" data-widget_type=\"spacer.default\">\n\t\t\t\t\t\t\t<div class=\"elementor-spacer\">\n\t\t\t<div class=\"elementor-spacer-inner\"><\/div>\n\t\t<\/div>\n\t\t\t\t\t\t<\/div>\n\t\t\t\t\t<\/div>\n\t\t\t\t<\/div>\n\t\t<div class=\"elementor-element elementor-element-454dfbb4 e-flex e-con-boxed e-con e-parent\" data-id=\"454dfbb4\" data-element_type=\"container\" data-e-type=\"container\">\n\t\t\t\t\t<div class=\"e-con-inner\">\n\t\t\t\t<div class=\"elementor-element elementor-element-bc1a1ff elementor-widget elementor-widget-text-editor\" data-id=\"bc1a1ff\" data-element_type=\"widget\" data-e-type=\"widget\" data-widget_type=\"text-editor.default\">\n\t\t\t\t\t\t\t\t\t<p>Elle vise \u00e0 <strong>faciliter l\u2019acc\u00e8s aux soins m\u00e9dicaux et aux droits sociaux<\/strong> pour des personnes souvent <strong>exclues des syst\u00e8mes traditionnels de sant\u00e9.<\/strong> <br \/>Elle permet aux <strong>personnes sans droits ouverts \u00e0 la protection sociale<\/strong> d\u2019acc\u00e9der, <strong>sans avance de frais<\/strong>, \u00e0 des <strong>consultations de m\u00e9decine g\u00e9n\u00e9rale<\/strong>, \u00e0 la <strong>d\u00e9livrance des traitements<\/strong>, \u00e0 des <strong>examens compl\u00e9mentaires<\/strong> et \u00e0 un <strong>accompagnement social pour une ouverture des droits,<\/strong> lorsque c\u2019est possible.<\/p>\t\t\t\t\t\t\t\t<\/div>\n\t\t\t\t\t<\/div>\n\t\t\t\t<\/div>\n\t\t<div class=\"elementor-element elementor-element-1b158844 e-flex e-con-boxed e-con e-parent\" data-id=\"1b158844\" data-element_type=\"container\" data-e-type=\"container\">\n\t\t\t\t\t<div class=\"e-con-inner\">\n\t\t\t\t<div class=\"elementor-element elementor-element-422d16bd elementor-widget elementor-widget-spacer\" data-id=\"422d16bd\" data-element_type=\"widget\" data-e-type=\"widget\" data-widget_type=\"spacer.default\">\n\t\t\t\t\t\t\t<div class=\"elementor-spacer\">\n\t\t\t<div class=\"elementor-spacer-inner\"><\/div>\n\t\t<\/div>\n\t\t\t\t\t\t<\/div>\n\t\t\t\t\t<\/div>\n\t\t\t\t<\/div>\n\t\t<div class=\"elementor-element elementor-element-d4e872f e-flex e-con-boxed e-con e-parent\" data-id=\"d4e872f\" data-element_type=\"container\" data-e-type=\"container\">\n\t\t\t\t\t<div class=\"e-con-inner\">\n\t\t<div class=\"elementor-element elementor-element-7123bf85 e-con-full e-flex e-con e-child\" data-id=\"7123bf85\" data-element_type=\"container\" data-e-type=\"container\">\n\t\t\t\t<div class=\"elementor-element elementor-element-44deb289 elementor-widget elementor-widget-heading\" data-id=\"44deb289\" data-element_type=\"widget\" data-e-type=\"widget\" data-widget_type=\"heading.default\">\n\t\t\t\t\t<h2 class=\"elementor-heading-title elementor-size-default\">Objectifs<\/h2>\t\t\t\t<\/div>\n\t\t\t\t<div class=\"elementor-element elementor-element-677c7aa9 elementor-widget elementor-widget-spacer\" data-id=\"677c7aa9\" data-element_type=\"widget\" data-e-type=\"widget\" data-widget_type=\"spacer.default\">\n\t\t\t\t\t\t\t<div class=\"elementor-spacer\">\n\t\t\t<div class=\"elementor-spacer-inner\"><\/div>\n\t\t<\/div>\n\t\t\t\t\t\t<\/div>\n\t\t\t\t<div class=\"elementor-element elementor-element-76d46acf elementor-widget elementor-widget-text-editor\" data-id=\"76d46acf\" data-element_type=\"widget\" data-e-type=\"widget\" data-widget_type=\"text-editor.default\">\n\t\t\t\t\t\t\t\t\t<ul><li><strong>Faciliter l\u2019acc\u00e8s aux droits et aux soins pr\u00e9coces<\/strong> en faveur des personnes tr\u00e8s d\u00e9munies et en situation d\u2019exclusion<\/li><li><strong>Favoriser l\u2019acc\u00e8s au droit commun<\/strong><\/li><li><strong>Accompagner<\/strong> les personnes vers une autonomie en mati\u00e8re de parcours de soins<\/li><\/ul>\t\t\t\t\t\t\t\t<\/div>\n\t\t\t\t<\/div>\n\t\t<div class=\"elementor-element elementor-element-5d5d941 e-con-full e-flex e-con e-child\" data-id=\"5d5d941\" data-element_type=\"container\" data-e-type=\"container\">\n\t\t\t\t<div class=\"elementor-element elementor-element-7b72c66b elementor-widget elementor-widget-heading\" data-id=\"7b72c66b\" data-element_type=\"widget\" data-e-type=\"widget\" data-widget_type=\"heading.default\">\n\t\t\t\t\t<h2 class=\"elementor-heading-title elementor-size-default\">Public cible<\/h2>\t\t\t\t<\/div>\n\t\t\t\t<div class=\"elementor-element elementor-element-3539437f elementor-widget elementor-widget-spacer\" data-id=\"3539437f\" data-element_type=\"widget\" data-e-type=\"widget\" data-widget_type=\"spacer.default\">\n\t\t\t\t\t\t\t<div class=\"elementor-spacer\">\n\t\t\t<div class=\"elementor-spacer-inner\"><\/div>\n\t\t<\/div>\n\t\t\t\t\t\t<\/div>\n\t\t\t\t<div class=\"elementor-element elementor-element-1fe5cbcd elementor-widget elementor-widget-text-editor\" data-id=\"1fe5cbcd\" data-element_type=\"widget\" data-e-type=\"widget\" data-widget_type=\"text-editor.default\">\n\t\t\t\t\t\t\t\t\t<ul><li><strong>Les personnes tr\u00e8s d\u00e9munies<\/strong> sans couverture maladie ou avec une couverture partielle<\/li><li><p class=\"p1\"><strong>Les partenaires<\/strong> pour favoriser la <strong>coordination<\/strong> et la <strong>continuit\u00e9 de l\u2019interdisciplinarit\u00e9<\/strong> des prises en charge sanitaires en lien avec les autres acteurs de sant\u00e9 du territoire<\/p><\/li><\/ul>\t\t\t\t\t\t\t\t<\/div>\n\t\t\t\t<\/div>\n\t\t\t\t\t<\/div>\n\t\t\t\t<\/div>\n\t\t<div class=\"elementor-element elementor-element-7708ecb5 e-flex e-con-boxed e-con e-parent\" data-id=\"7708ecb5\" data-element_type=\"container\" data-e-type=\"container\">\n\t\t\t\t\t<div class=\"e-con-inner\">\n\t\t\t\t<div class=\"elementor-element elementor-element-17c211c3 elementor-widget elementor-widget-spacer\" data-id=\"17c211c3\" data-element_type=\"widget\" data-e-type=\"widget\" data-widget_type=\"spacer.default\">\n\t\t\t\t\t\t\t<div class=\"elementor-spacer\">\n\t\t\t<div class=\"elementor-spacer-inner\"><\/div>\n\t\t<\/div>\n\t\t\t\t\t\t<\/div>\n\t\t\t\t\t<\/div>\n\t\t\t\t<\/div>\n\t\t<div class=\"elementor-element elementor-element-5d7d2163 e-flex e-con-boxed e-con e-parent\" data-id=\"5d7d2163\" data-element_type=\"container\" data-e-type=\"container\">\n\t\t\t\t\t<div class=\"e-con-inner\">\n\t\t<div class=\"elementor-element elementor-element-21d25a31 e-con-full e-flex e-con e-child\" data-id=\"21d25a31\" data-element_type=\"container\" data-e-type=\"container\">\n\t\t\t\t<div class=\"elementor-element elementor-element-282938a9 elementor-widget elementor-widget-heading\" data-id=\"282938a9\" data-element_type=\"widget\" data-e-type=\"widget\" data-widget_type=\"heading.default\">\n\t\t\t\t\t<h2 class=\"elementor-heading-title elementor-size-default\">Territoire d'intervention<\/h2>\t\t\t\t<\/div>\n\t\t\t\t<div class=\"elementor-element elementor-element-639d9972 elementor-widget elementor-widget-text-editor\" data-id=\"639d9972\" data-element_type=\"widget\" data-e-type=\"widget\" data-widget_type=\"text-editor.default\">\n\t\t\t\t\t\t\t\t\t<p>240 communes<br \/>Nord de la Seine-et-Marne<\/p>\t\t\t\t\t\t\t\t<\/div>\n\t\t\t\t<div class=\"elementor-element elementor-element-d1e956b elementor-widget elementor-widget-text-editor\" data-id=\"d1e956b\" data-element_type=\"widget\" data-e-type=\"widget\" data-widget_type=\"text-editor.default\">\n\t\t\t\t\t\t\t\t\t<p>Secteur du Grand H\u00f4pital de l\u2019Est Francilien (GHEF)<br \/><strong>Marne la Vall\u00e9e &#8211; Meaux &#8211; Coulommiers<\/strong><\/p>\t\t\t\t\t\t\t\t<\/div>\n\t\t\t\t<\/div>\n\t\t\t\t<div class=\"elementor-element elementor-element-0ae2e16 elementor-widget elementor-widget-image\" data-id=\"0ae2e16\" data-element_type=\"widget\" data-e-type=\"widget\" data-widget_type=\"image.default\">\n\t\t\t\t\t\t\t\t\t\t\t\t\t\t\t<img fetchpriority=\"high\" decoding=\"async\" width=\"561\" height=\"465\" src=\"https:\/\/avih.org\/wp-content\/uploads\/2025\/10\/carte_77_1.png\" class=\"attachment-large size-large wp-image-600\" alt=\"\" srcset=\"https:\/\/avih.org\/wp-content\/uploads\/2025\/10\/carte_77_1.png 561w, https:\/\/avih.org\/wp-content\/uploads\/2025\/10\/carte_77_1-300x249.png 300w\" sizes=\"(max-width: 561px) 100vw, 561px\" \/>\t\t\t\t\t\t\t\t\t\t\t\t\t\t\t<\/div>\n\t\t\t\t\t<\/div>\n\t\t\t\t<\/div>\n\t\t<div class=\"elementor-element elementor-element-128dabf e-flex e-con-boxed e-con e-parent\" data-id=\"128dabf\" data-element_type=\"container\" data-e-type=\"container\">\n\t\t\t\t\t<div class=\"e-con-inner\">\n\t\t\t\t<div class=\"elementor-element elementor-element-4efc547a elementor-widget elementor-widget-spacer\" data-id=\"4efc547a\" data-element_type=\"widget\" data-e-type=\"widget\" data-widget_type=\"spacer.default\">\n\t\t\t\t\t\t\t<div class=\"elementor-spacer\">\n\t\t\t<div class=\"elementor-spacer-inner\"><\/div>\n\t\t<\/div>\n\t\t\t\t\t\t<\/div>\n\t\t\t\t\t<\/div>\n\t\t\t\t<\/div>\n\t\t<div class=\"elementor-element elementor-element-379205a7 e-con-full e-flex e-con e-parent\" data-id=\"379205a7\" data-element_type=\"container\" data-e-type=\"container\">\n\t\t<div class=\"elementor-element elementor-element-2150056e e-con-full e-flex e-con e-child\" data-id=\"2150056e\" data-element_type=\"container\" data-e-type=\"container\">\n\t\t\t\t<div class=\"elementor-element elementor-element-223a07ab elementor-widget elementor-widget-heading\" data-id=\"223a07ab\" data-element_type=\"widget\" data-e-type=\"widget\" data-widget_type=\"heading.default\">\n\t\t\t\t\t<h2 class=\"elementor-heading-title elementor-size-default\">Actions<\/h2>\t\t\t\t<\/div>\n\t\t\t\t<div class=\"elementor-element elementor-element-71843430 elementor-widget elementor-widget-text-editor\" data-id=\"71843430\" data-element_type=\"widget\" data-e-type=\"widget\" data-widget_type=\"text-editor.default\">\n\t\t\t\t\t\t\t\t\t<ul><li><strong>Pilote le dispositif<\/strong><\/li><li><strong>Coordonne la prise en charge<\/strong> de l\u2019usager<\/li><li><strong>Accompagne l\u2019usager<\/strong> dans son parcours de soins et d\u2019acc\u00e8s aux droits de soins<\/li><li><strong>Garant de l\u2019indemnisation<\/strong> des professionnels de sant\u00e9<\/li><li><strong>Finance les frais<\/strong> d\u2019interpr\u00e9tariat<\/li><li><strong>Sensibilise les professionnels<\/strong> de sant\u00e9<\/li><li><strong>D\u00e9veloppe et anime<\/strong> des partenariats<\/li><\/ul>\t\t\t\t\t\t\t\t<\/div>\n\t\t\t\t<\/div>\n\t\t<div class=\"elementor-element elementor-element-6947cab9 e-con-full e-flex e-con e-child\" data-id=\"6947cab9\" data-element_type=\"container\" data-e-type=\"container\" data-settings=\"{&quot;background_background&quot;:&quot;classic&quot;}\">\n\t\t\t\t<div class=\"elementor-element elementor-element-42360b8b elementor-widget elementor-widget-image\" data-id=\"42360b8b\" data-element_type=\"widget\" data-e-type=\"widget\" data-widget_type=\"image.default\">\n\t\t\t\t\t\t\t\t\t\t\t\t\t\t\t<img decoding=\"async\" width=\"2560\" height=\"1340\" src=\"https:\/\/avih.org\/wp-content\/uploads\/2025\/10\/pass-scaled.png\" class=\"attachment-full size-full wp-image-598\" alt=\"\" srcset=\"https:\/\/avih.org\/wp-content\/uploads\/2025\/10\/pass-scaled.png 2560w, https:\/\/avih.org\/wp-content\/uploads\/2025\/10\/pass-300x157.png 300w, https:\/\/avih.org\/wp-content\/uploads\/2025\/10\/pass-1024x536.png 1024w, https:\/\/avih.org\/wp-content\/uploads\/2025\/10\/pass-768x402.png 768w, https:\/\/avih.org\/wp-content\/uploads\/2025\/10\/pass-1536x804.png 1536w, https:\/\/avih.org\/wp-content\/uploads\/2025\/10\/pass-2048x1072.png 2048w\" sizes=\"(max-width: 2560px) 100vw, 2560px\" \/>\t\t\t\t\t\t\t\t\t\t\t\t\t\t\t<\/div>\n\t\t\t\t<\/div>\n\t\t\t\t<\/div>\n\t\t<div class=\"elementor-element elementor-element-4c05809e e-flex e-con-boxed e-con e-parent\" data-id=\"4c05809e\" data-element_type=\"container\" data-e-type=\"container\">\n\t\t\t\t\t<div class=\"e-con-inner\">\n\t\t\t\t<div class=\"elementor-element elementor-element-628816f3 elementor-widget elementor-widget-spacer\" data-id=\"628816f3\" data-element_type=\"widget\" data-e-type=\"widget\" data-widget_type=\"spacer.default\">\n\t\t\t\t\t\t\t<div class=\"elementor-spacer\">\n\t\t\t<div class=\"elementor-spacer-inner\"><\/div>\n\t\t<\/div>\n\t\t\t\t\t\t<\/div>\n\t\t\t\t<div class=\"elementor-element elementor-element-323a9682 elementor-widget elementor-widget-spacer\" data-id=\"323a9682\" data-element_type=\"widget\" data-e-type=\"widget\" data-widget_type=\"spacer.default\">\n\t\t\t\t\t\t\t<div class=\"elementor-spacer\">\n\t\t\t<div class=\"elementor-spacer-inner\"><\/div>\n\t\t<\/div>\n\t\t\t\t\t\t<\/div>\n\t\t\t\t\t<\/div>\n\t\t\t\t<\/div>\n\t\t<div class=\"elementor-element elementor-element-f051038 e-flex e-con-boxed e-con e-parent\" data-id=\"f051038\" data-element_type=\"container\" data-e-type=\"container\">\n\t\t\t\t\t<div class=\"e-con-inner\">\n\t\t\t\t<div class=\"elementor-element elementor-element-85ad9d0 elementor-widget elementor-widget-heading\" data-id=\"85ad9d0\" data-element_type=\"widget\" data-e-type=\"widget\" data-widget_type=\"heading.default\">\n\t\t\t\t\t<h2 class=\"elementor-heading-title elementor-size-default\">Mode d'admission et de sortie<\/h2>\t\t\t\t<\/div>\n\t\t\t\t<div class=\"elementor-element elementor-element-cc030de elementor-widget elementor-widget-spacer\" data-id=\"cc030de\" data-element_type=\"widget\" data-e-type=\"widget\" data-widget_type=\"spacer.default\">\n\t\t\t\t\t\t\t<div class=\"elementor-spacer\">\n\t\t\t<div class=\"elementor-spacer-inner\"><\/div>\n\t\t<\/div>\n\t\t\t\t\t\t<\/div>\n\t\t\t\t<div class=\"elementor-element elementor-element-7cd6eb0 elementor-widget elementor-widget-image\" data-id=\"7cd6eb0\" data-element_type=\"widget\" data-e-type=\"widget\" data-widget_type=\"image.default\">\n\t\t\t\t\t\t\t\t\t\t\t\t\t\t\t<img decoding=\"async\" width=\"800\" height=\"350\" src=\"https:\/\/avih.org\/wp-content\/uploads\/2025\/10\/pass-1.png\" class=\"attachment-large size-large wp-image-601\" alt=\"\" srcset=\"https:\/\/avih.org\/wp-content\/uploads\/2025\/10\/pass-1.png 993w, https:\/\/avih.org\/wp-content\/uploads\/2025\/10\/pass-1-300x131.png 300w, https:\/\/avih.org\/wp-content\/uploads\/2025\/10\/pass-1-768x336.png 768w\" sizes=\"(max-width: 800px) 100vw, 800px\" \/>\t\t\t\t\t\t\t\t\t\t\t\t\t\t\t<\/div>\n\t\t\t\t\t<\/div>\n\t\t\t\t<\/div>\n\t\t<div class=\"elementor-element elementor-element-313ca386 e-flex e-con-boxed e-con e-parent\" data-id=\"313ca386\" data-element_type=\"container\" data-e-type=\"container\">\n\t\t\t\t\t<div class=\"e-con-inner\">\n\t\t\t\t<div class=\"elementor-element elementor-element-638c88f5 elementor-widget elementor-widget-spacer\" data-id=\"638c88f5\" data-element_type=\"widget\" data-e-type=\"widget\" data-widget_type=\"spacer.default\">\n\t\t\t\t\t\t\t<div class=\"elementor-spacer\">\n\t\t\t<div class=\"elementor-spacer-inner\"><\/div>\n\t\t<\/div>\n\t\t\t\t\t\t<\/div>\n\t\t\t\t\t<\/div>\n\t\t\t\t<\/div>\n\t\t<div class=\"elementor-element elementor-element-15860300 e-flex e-con-boxed e-con e-parent\" data-id=\"15860300\" data-element_type=\"container\" data-e-type=\"container\" data-settings=\"{&quot;background_background&quot;:&quot;classic&quot;}\">\n\t\t\t\t\t<div class=\"e-con-inner\">\n\t\t\t\t<div class=\"elementor-element elementor-element-57cf2c45 elementor-widget elementor-widget-heading\" data-id=\"57cf2c45\" data-element_type=\"widget\" data-e-type=\"widget\" data-widget_type=\"heading.default\">\n\t\t\t\t\t<h2 class=\"elementor-heading-title elementor-size-default\">Cadre r\u00e9glementaire<\/h2>\t\t\t\t<\/div>\n\t\t\t\t<div class=\"elementor-element elementor-element-288dcb61 elementor-widget elementor-widget-text-editor\" data-id=\"288dcb61\" data-element_type=\"widget\" data-e-type=\"widget\" data-widget_type=\"text-editor.default\">\n\t\t\t\t\t\t\t\t\t<p><strong>Le cadre r\u00e9glementaire des PASS de Ville (Permanences d\u2019Acc\u00e8s aux Soins de Sant\u00e9 en ville) s\u2019inspire de celui des PASS hospitali\u00e8res, il s\u2019appuie sur la note d\u2019information DGOS\/P3\/2025\/45 du 18 juin 2025, publi\u00e9e au Bulletin officiel Sant\u00e9 n\u00b0 2025\/15, qui pr\u00e9cise leur cahier des charges.<\/strong><br \/>Elles sont port\u00e9es et valid\u00e9es par les ARS, en lien avec l\u2019Assurance maladie et visent \u00e0 compl\u00e9ter les dispositifs existants : PASS hospitali\u00e8res et mobiles, afin de renforcer le maillage territorial, fluidifier les parcours et r\u00e9duire le recours inappropri\u00e9 aux urgences.<\/p>\t\t\t\t\t\t\t\t<\/div>\n\t\t\t\t\t<\/div>\n\t\t\t\t<\/div>\n\t\t<div class=\"elementor-element elementor-element-69a4bfa8 e-flex e-con-boxed e-con e-parent\" data-id=\"69a4bfa8\" data-element_type=\"container\" data-e-type=\"container\">\n\t\t\t\t\t<div class=\"e-con-inner\">\n\t\t\t\t<div class=\"elementor-element elementor-element-54c2821a elementor-widget elementor-widget-spacer\" data-id=\"54c2821a\" data-element_type=\"widget\" data-e-type=\"widget\" data-widget_type=\"spacer.default\">\n\t\t\t\t\t\t\t<div class=\"elementor-spacer\">\n\t\t\t<div class=\"elementor-spacer-inner\"><\/div>\n\t\t<\/div>\n\t\t\t\t\t\t<\/div>\n\t\t\t\t<div class=\"elementor-element elementor-element-2aa9f79e elementor-align-right elementor-widget elementor-widget-button\" data-id=\"2aa9f79e\" data-element_type=\"widget\" data-e-type=\"widget\" data-widget_type=\"button.default\">\n\t\t\t\t\t\t\t\t\t\t<a class=\"elementor-button elementor-button-link elementor-size-sm\" href=\"https:\/\/avih.org\/wp-content\/uploads\/2026\/04\/fiche-de-saisine-avih.pdf\">\n\t\t\t\t\t\t<span class=\"elementor-button-content-wrapper\">\n\t\t\t\t\t\t\t\t\t<span class=\"elementor-button-text\">T\u00e9l\u00e9charger la fiche saisine Avih<\/span>\n\t\t\t\t\t<\/span>\n\t\t\t\t\t<\/a>\n\t\t\t\t\t\t\t\t<\/div>\n\t\t\t\t\t<\/div>\n\t\t\t\t<\/div>\n\t\t<div class=\"elementor-element elementor-element-4853db7 e-flex e-con-boxed e-con e-parent\" data-id=\"4853db7\" data-element_type=\"container\" data-e-type=\"container\">\n\t\t\t\t\t<div class=\"e-con-inner\">\n\t\t\t\t<div class=\"elementor-element elementor-element-a0fddba elementor-widget elementor-widget-spacer\" data-id=\"a0fddba\" data-element_type=\"widget\" data-e-type=\"widget\" data-widget_type=\"spacer.default\">\n\t\t\t\t\t\t\t<div class=\"elementor-spacer\">\n\t\t\t<div class=\"elementor-spacer-inner\"><\/div>\n\t\t<\/div>\n\t\t\t\t\t\t<\/div>\n\t\t\t\t\t<\/div>\n\t\t\t\t<\/div>\n\t\t\t\t<\/div>\n\t\t","protected":false},"excerpt":{"rendered":"<p>La PASS de ville renforc\u00e9e Elle vise \u00e0 faciliter l\u2019acc\u00e8s aux soins m\u00e9dicaux et aux droits sociaux pour des personnes souvent exclues des syst\u00e8mes traditionnels de sant\u00e9. Elle permet aux personnes sans droits ouverts \u00e0 la protection sociale d\u2019acc\u00e9der, sans avance de frais, \u00e0 des consultations de m\u00e9decine g\u00e9n\u00e9rale, \u00e0 la d\u00e9livrance des traitements, \u00e0 [&hellip;]<\/p>\n","protected":false},"author":1,"featured_media":0,"parent":0,"menu_order":0,"comment_status":"closed","ping_status":"closed","template":"","meta":{"footnotes":""},"class_list":["post-311","page","type-page","status-publish","hentry"],"_links":{"self":[{"href":"https:\/\/avih.org\/index.php\/wp-json\/wp\/v2\/pages\/311","targetHints":{"allow":["GET"]}}],"collection":[{"href":"https:\/\/avih.org\/index.php\/wp-json\/wp\/v2\/pages"}],"about":[{"href":"https:\/\/avih.org\/index.php\/wp-json\/wp\/v2\/types\/page"}],"author":[{"embeddable":true,"href":"https:\/\/avih.org\/index.php\/wp-json\/wp\/v2\/users\/1"}],"replies":[{"embeddable":true,"href":"https:\/\/avih.org\/index.php\/wp-json\/wp\/v2\/comments?post=311"}],"version-history":[{"count":109,"href":"https:\/\/avih.org\/index.php\/wp-json\/wp\/v2\/pages\/311\/revisions"}],"predecessor-version":[{"id":1645,"href":"https:\/\/avih.org\/index.php\/wp-json\/wp\/v2\/pages\/311\/revisions\/1645"}],"wp:attachment":[{"href":"https:\/\/avih.org\/index.php\/wp-json\/wp\/v2\/media?parent=311"}],"curies":[{"name":"wp","href":"https:\/\/api.w.org\/{rel}","templated":true}]}}