{"id":313,"date":"2025-10-02T12:35:45","date_gmt":"2025-10-02T12:35:45","guid":{"rendered":"http:\/\/avih.org\/?page_id=313"},"modified":"2026-04-17T06:59:15","modified_gmt":"2026-04-17T06:59:15","slug":"emsp","status":"publish","type":"page","link":"https:\/\/avih.org\/index.php\/emsp\/","title":{"rendered":"EMSP"},"content":{"rendered":"\t\t<div data-elementor-type=\"wp-page\" data-elementor-id=\"313\" class=\"elementor elementor-313\" data-elementor-post-type=\"page\">\n\t\t\t\t<div class=\"elementor-element elementor-element-3c06afa6 e-con-full e-flex e-con e-parent\" data-id=\"3c06afa6\" data-element_type=\"container\" data-e-type=\"container\" data-settings=\"{&quot;background_background&quot;:&quot;classic&quot;}\">\n\t\t\t\t<\/div>\n\t\t<div class=\"elementor-element elementor-element-3ef3269e e-flex e-con-boxed e-con e-parent\" data-id=\"3ef3269e\" data-element_type=\"container\" data-e-type=\"container\">\n\t\t\t\t\t<div class=\"e-con-inner\">\n\t\t\t\t<div class=\"elementor-element elementor-element-3872c764 elementor-widget elementor-widget-spacer\" data-id=\"3872c764\" data-element_type=\"widget\" data-e-type=\"widget\" data-widget_type=\"spacer.default\">\n\t\t\t\t\t\t\t<div class=\"elementor-spacer\">\n\t\t\t<div class=\"elementor-spacer-inner\"><\/div>\n\t\t<\/div>\n\t\t\t\t\t\t<\/div>\n\t\t\t\t\t<\/div>\n\t\t\t\t<\/div>\n\t\t<div class=\"elementor-element elementor-element-b218fcc e-flex e-con-boxed e-con e-parent\" data-id=\"b218fcc\" data-element_type=\"container\" data-e-type=\"container\">\n\t\t\t\t\t<div class=\"e-con-inner\">\n\t\t\t\t<div class=\"elementor-element elementor-element-2f26a7ec elementor-widget elementor-widget-heading\" data-id=\"2f26a7ec\" data-element_type=\"widget\" data-e-type=\"widget\" data-widget_type=\"heading.default\">\n\t\t\t\t\t<h2 class=\"elementor-heading-title elementor-size-default\">L\u2019Equipe Mobile Sant\u00e9 Pr\u00e9carit\u00e9 (EMSP)<\/h2>\t\t\t\t<\/div>\n\t\t\t\t\t<\/div>\n\t\t\t\t<\/div>\n\t\t<div class=\"elementor-element elementor-element-29c0fd9 e-flex e-con-boxed e-con e-parent\" data-id=\"29c0fd9\" data-element_type=\"container\" data-e-type=\"container\">\n\t\t\t\t\t<div class=\"e-con-inner\">\n\t\t\t\t<div class=\"elementor-element elementor-element-7ae35ef1 elementor-widget elementor-widget-spacer\" data-id=\"7ae35ef1\" data-element_type=\"widget\" data-e-type=\"widget\" data-widget_type=\"spacer.default\">\n\t\t\t\t\t\t\t<div class=\"elementor-spacer\">\n\t\t\t<div class=\"elementor-spacer-inner\"><\/div>\n\t\t<\/div>\n\t\t\t\t\t\t<\/div>\n\t\t\t\t\t<\/div>\n\t\t\t\t<\/div>\n\t\t<div class=\"elementor-element elementor-element-2a5e748 e-flex e-con-boxed e-con e-parent\" data-id=\"2a5e748\" data-element_type=\"container\" data-e-type=\"container\">\n\t\t\t\t\t<div class=\"e-con-inner\">\n\t\t\t\t<div class=\"elementor-element elementor-element-6418110a elementor-widget elementor-widget-text-editor\" data-id=\"6418110a\" data-element_type=\"widget\" data-e-type=\"widget\" data-widget_type=\"text-editor.default\">\n\t\t\t\t\t\t\t\t\t<p>Elle vise \u00e0 <strong>promouvoir la sant\u00e9 des personnes en situation de pr\u00e9carit\u00e9<\/strong> et de <strong>vuln\u00e9rabilit\u00e9<\/strong> \u00e9loign\u00e9es des soins et \u00e0 <strong>lutter contre les in\u00e9galit\u00e9s de sant\u00e9<\/strong>. Elle intervient directement aupr\u00e8s des <strong>populations en grande difficult\u00e9<\/strong> pour faciliter leur acc\u00e8s aux soins. Les personnes peuvent \u00eatre accompagn\u00e9es pour une dur\u00e9e de <strong>2 mois renouvelable<\/strong> autant de fois que n\u00e9cessaire.<\/p>\t\t\t\t\t\t\t\t<\/div>\n\t\t\t\t\t<\/div>\n\t\t\t\t<\/div>\n\t\t<div class=\"elementor-element elementor-element-38a476f0 e-flex e-con-boxed e-con e-parent\" data-id=\"38a476f0\" data-element_type=\"container\" data-e-type=\"container\">\n\t\t\t\t\t<div class=\"e-con-inner\">\n\t\t\t\t<div class=\"elementor-element elementor-element-2db613d5 elementor-widget elementor-widget-spacer\" data-id=\"2db613d5\" data-element_type=\"widget\" data-e-type=\"widget\" data-widget_type=\"spacer.default\">\n\t\t\t\t\t\t\t<div class=\"elementor-spacer\">\n\t\t\t<div class=\"elementor-spacer-inner\"><\/div>\n\t\t<\/div>\n\t\t\t\t\t\t<\/div>\n\t\t\t\t\t<\/div>\n\t\t\t\t<\/div>\n\t\t<div class=\"elementor-element elementor-element-5decf3d7 e-flex e-con-boxed e-con e-parent\" data-id=\"5decf3d7\" data-element_type=\"container\" data-e-type=\"container\">\n\t\t\t\t\t<div class=\"e-con-inner\">\n\t\t<div class=\"elementor-element elementor-element-3bc502ec e-con-full e-flex e-con e-child\" data-id=\"3bc502ec\" data-element_type=\"container\" data-e-type=\"container\">\n\t\t<div class=\"elementor-element elementor-element-7b4bb240 e-con-full e-flex e-con e-child\" data-id=\"7b4bb240\" data-element_type=\"container\" data-e-type=\"container\">\n\t\t\t\t<div class=\"elementor-element elementor-element-56eb4962 elementor-widget elementor-widget-heading\" data-id=\"56eb4962\" data-element_type=\"widget\" data-e-type=\"widget\" data-widget_type=\"heading.default\">\n\t\t\t\t\t<h2 class=\"elementor-heading-title elementor-size-default\">Objectifs<\/h2>\t\t\t\t<\/div>\n\t\t\t\t<div class=\"elementor-element elementor-element-4ef2e1d elementor-widget elementor-widget-spacer\" data-id=\"4ef2e1d\" data-element_type=\"widget\" data-e-type=\"widget\" data-widget_type=\"spacer.default\">\n\t\t\t\t\t\t\t<div class=\"elementor-spacer\">\n\t\t\t<div class=\"elementor-spacer-inner\"><\/div>\n\t\t<\/div>\n\t\t\t\t\t\t<\/div>\n\t\t\t\t<div class=\"elementor-element elementor-element-48921194 elementor-widget elementor-widget-text-editor\" data-id=\"48921194\" data-element_type=\"widget\" data-e-type=\"widget\" data-widget_type=\"text-editor.default\">\n\t\t\t\t\t\t\t\t\t<ul><li><strong>Inscrire les adultes et les enfants<\/strong> dans un <strong>parcours de soins effectif et durable<\/strong><\/li><li><strong>Inscrire l\u2019association<\/strong> comme actrice \u00e0 part enti\u00e8re de la <strong>strat\u00e9gie nationale de sant\u00e9<\/strong> \u00e0 l\u2019\u00e9chelle du Nord du d\u00e9partement<\/li><li><strong>R\u00e9pondre aux besoins en sant\u00e9 publique<\/strong> rep\u00e9r\u00e9s par l\u2019ARS<\/li><li><strong>D\u00e9velopper un r\u00e9seau<\/strong> de partenaires identifi\u00e9s<\/li><\/ul>\t\t\t\t\t\t\t\t<\/div>\n\t\t\t\t<\/div>\n\t\t<div class=\"elementor-element elementor-element-6552557e e-con-full e-flex e-con e-child\" data-id=\"6552557e\" data-element_type=\"container\" data-e-type=\"container\">\n\t\t\t\t<div class=\"elementor-element elementor-element-326b4972 elementor-widget elementor-widget-heading\" data-id=\"326b4972\" data-element_type=\"widget\" data-e-type=\"widget\" data-widget_type=\"heading.default\">\n\t\t\t\t\t<h2 class=\"elementor-heading-title elementor-size-default\">Public cible<\/h2>\t\t\t\t<\/div>\n\t\t\t\t<div class=\"elementor-element elementor-element-44d4c142 elementor-widget elementor-widget-spacer\" data-id=\"44d4c142\" data-element_type=\"widget\" data-e-type=\"widget\" data-widget_type=\"spacer.default\">\n\t\t\t\t\t\t\t<div class=\"elementor-spacer\">\n\t\t\t<div class=\"elementor-spacer-inner\"><\/div>\n\t\t<\/div>\n\t\t\t\t\t\t<\/div>\n\t\t\t\t<div class=\"elementor-element elementor-element-1ada62e6 elementor-widget elementor-widget-text-editor\" data-id=\"1ada62e6\" data-element_type=\"widget\" data-e-type=\"widget\" data-widget_type=\"text-editor.default\">\n\t\t\t\t\t\t\t\t\t<ul><li><strong>Les personnes accueillies<\/strong> en \u00e9tablissements d\u2019h\u00e9bergement pour demandeurs d\u2019asile et r\u00e9fugi\u00e9s<\/li><li>Les personnes <strong>vivant en bidonvilles, squats et campements<\/strong><\/li><li>Les personnes <strong>en situation de rue<\/strong><\/li><li>Les personnes <strong>h\u00e9berg\u00e9es chez des tiers<\/strong><\/li><li><strong>La moiti\u00e9 des personnes h\u00e9berg\u00e9es dans les h\u00f4tels sociaux<\/strong> du nord du d\u00e9partement (2079 personnes \u2013 20 h\u00f4tels)<\/li><\/ul>\t\t\t\t\t\t\t\t<\/div>\n\t\t\t\t<\/div>\n\t\t\t\t<\/div>\n\t\t\t\t\t<\/div>\n\t\t\t\t<\/div>\n\t\t<div class=\"elementor-element elementor-element-45445350 e-flex e-con-boxed e-con e-parent\" data-id=\"45445350\" data-element_type=\"container\" data-e-type=\"container\">\n\t\t\t\t\t<div class=\"e-con-inner\">\n\t\t\t\t<div class=\"elementor-element elementor-element-7f27e300 elementor-widget elementor-widget-spacer\" data-id=\"7f27e300\" data-element_type=\"widget\" data-e-type=\"widget\" data-widget_type=\"spacer.default\">\n\t\t\t\t\t\t\t<div class=\"elementor-spacer\">\n\t\t\t<div class=\"elementor-spacer-inner\"><\/div>\n\t\t<\/div>\n\t\t\t\t\t\t<\/div>\n\t\t\t\t\t<\/div>\n\t\t\t\t<\/div>\n\t\t<div class=\"elementor-element elementor-element-316aa113 e-flex e-con-boxed e-con e-parent\" data-id=\"316aa113\" data-element_type=\"container\" data-e-type=\"container\">\n\t\t\t\t\t<div class=\"e-con-inner\">\n\t\t<div class=\"elementor-element elementor-element-5ed5dc7 e-con-full e-flex e-con e-child\" data-id=\"5ed5dc7\" data-element_type=\"container\" data-e-type=\"container\">\n\t\t\t\t<div class=\"elementor-element elementor-element-48ccf4c3 elementor-widget elementor-widget-image\" data-id=\"48ccf4c3\" data-element_type=\"widget\" data-e-type=\"widget\" data-widget_type=\"image.default\">\n\t\t\t\t\t\t\t\t\t\t\t\t\t\t\t<img fetchpriority=\"high\" decoding=\"async\" width=\"561\" height=\"465\" src=\"https:\/\/avih.org\/wp-content\/uploads\/2025\/10\/carte_77_1.png\" class=\"attachment-large size-large wp-image-600\" alt=\"\" srcset=\"https:\/\/avih.org\/wp-content\/uploads\/2025\/10\/carte_77_1.png 561w, https:\/\/avih.org\/wp-content\/uploads\/2025\/10\/carte_77_1-300x249.png 300w\" sizes=\"(max-width: 561px) 100vw, 561px\" \/>\t\t\t\t\t\t\t\t\t\t\t\t\t\t\t<\/div>\n\t\t\t\t<\/div>\n\t\t<div class=\"elementor-element elementor-element-48768822 e-con-full e-flex e-con e-child\" data-id=\"48768822\" data-element_type=\"container\" data-e-type=\"container\">\n\t\t\t\t<div class=\"elementor-element elementor-element-4b75f04b elementor-widget elementor-widget-heading\" data-id=\"4b75f04b\" data-element_type=\"widget\" data-e-type=\"widget\" data-widget_type=\"heading.default\">\n\t\t\t\t\t<h2 class=\"elementor-heading-title elementor-size-default\">Territoire d'intervention<\/h2>\t\t\t\t<\/div>\n\t\t\t\t<div class=\"elementor-element elementor-element-35c10360 elementor-widget elementor-widget-text-editor\" data-id=\"35c10360\" data-element_type=\"widget\" data-e-type=\"widget\" data-widget_type=\"text-editor.default\">\n\t\t\t\t\t\t\t\t\t<p>240 communes<br \/>Nord de la Seine-et-Marne<\/p>\t\t\t\t\t\t\t\t<\/div>\n\t\t\t\t<div class=\"elementor-element elementor-element-11b992ec elementor-widget elementor-widget-text-editor\" data-id=\"11b992ec\" data-element_type=\"widget\" data-e-type=\"widget\" data-widget_type=\"text-editor.default\">\n\t\t\t\t\t\t\t\t\t<p>Deux EMSP dont celle de notre association se partagent le Nord du d\u00e9partement et la r\u00e9partition des publics cibles en fonction de leurs sp\u00e9cificit\u00e9s respectives.Une troisi\u00e8me EMSP existe pour le Sud du d\u00e9partement.<\/p>\t\t\t\t\t\t\t\t<\/div>\n\t\t\t\t<\/div>\n\t\t\t\t\t<\/div>\n\t\t\t\t<\/div>\n\t\t<div class=\"elementor-element elementor-element-2b0bfa5f e-flex e-con-boxed e-con e-parent\" data-id=\"2b0bfa5f\" data-element_type=\"container\" data-e-type=\"container\">\n\t\t\t\t\t<div class=\"e-con-inner\">\n\t\t\t\t<div class=\"elementor-element elementor-element-767bea8b elementor-widget elementor-widget-spacer\" data-id=\"767bea8b\" data-element_type=\"widget\" data-e-type=\"widget\" data-widget_type=\"spacer.default\">\n\t\t\t\t\t\t\t<div class=\"elementor-spacer\">\n\t\t\t<div class=\"elementor-spacer-inner\"><\/div>\n\t\t<\/div>\n\t\t\t\t\t\t<\/div>\n\t\t\t\t\t<\/div>\n\t\t\t\t<\/div>\n\t\t<div class=\"elementor-element elementor-element-28babd7f e-con-full e-flex e-con e-parent\" data-id=\"28babd7f\" data-element_type=\"container\" data-e-type=\"container\">\n\t\t<div class=\"elementor-element elementor-element-4539ec2e e-con-full e-flex e-con e-child\" data-id=\"4539ec2e\" data-element_type=\"container\" data-e-type=\"container\">\n\t\t\t\t<div class=\"elementor-element elementor-element-60942059 elementor-widget elementor-widget-heading\" data-id=\"60942059\" data-element_type=\"widget\" data-e-type=\"widget\" data-widget_type=\"heading.default\">\n\t\t\t\t\t<h2 class=\"elementor-heading-title elementor-size-default\">Actions<\/h2>\t\t\t\t<\/div>\n\t\t\t\t<div class=\"elementor-element elementor-element-15b596be elementor-widget elementor-widget-text-editor\" data-id=\"15b596be\" data-element_type=\"widget\" data-e-type=\"widget\" data-widget_type=\"text-editor.default\">\n\t\t\t\t\t\t\t\t\t<ul><li><b>Rep\u00e9rer<\/b> les probl\u00e8mes sanitaires au travers d\u2019actions d\u2019aller-vers r\u00e9guli\u00e8res<\/li><li><strong>Dispenser une information compr\u00e9hensible<\/strong> pour permettre aux m\u00e9nages de faire des <strong>choix \u00e9clair\u00e9s<\/strong> en mati\u00e8re de soins<\/li><li><strong>Orienter et accompagner vers le droit commun<\/strong>, les structures de pr\u00e9vention et de soins du territoire en encourageant l\u2019autonomie des personnes et en valorisant leurs ressources, leurs comp\u00e9tences individuelles et collectives<\/li><li><strong>D\u00e9velopper les comp\u00e9tences psychosociales<\/strong> des personnes accompagn\u00e9es<\/li><li><strong>Sensibiliser les acteurs m\u00e9dico-sociaux<\/strong> aux facteurs de vuln\u00e9rabilit\u00e9 des personnes<\/li><li><strong>Participer \u00e0 la dynamique de territoire<\/strong> pour une am\u00e9lioration r\u00e9elle et durable de la situation des personnes vivant en habitat pr\u00e9caire<\/li><\/ul>\t\t\t\t\t\t\t\t<\/div>\n\t\t\t\t<\/div>\n\t\t<div class=\"elementor-element elementor-element-7d118bd5 e-con-full e-flex e-con e-child\" data-id=\"7d118bd5\" data-element_type=\"container\" data-e-type=\"container\" data-settings=\"{&quot;background_background&quot;:&quot;classic&quot;}\">\n\t\t\t\t<div class=\"elementor-element elementor-element-e6d4308 elementor-widget-mobile__width-initial elementor-widget__width-initial elementor-widget elementor-widget-image\" data-id=\"e6d4308\" data-element_type=\"widget\" data-e-type=\"widget\" data-widget_type=\"image.default\">\n\t\t\t\t\t\t\t\t\t\t\t\t\t\t\t<img decoding=\"async\" width=\"2560\" height=\"1340\" src=\"https:\/\/avih.org\/wp-content\/uploads\/2025\/10\/emsp-scaled.png\" class=\"attachment-full size-full wp-image-593\" alt=\"\" srcset=\"https:\/\/avih.org\/wp-content\/uploads\/2025\/10\/emsp-scaled.png 2560w, https:\/\/avih.org\/wp-content\/uploads\/2025\/10\/emsp-300x157.png 300w, https:\/\/avih.org\/wp-content\/uploads\/2025\/10\/emsp-1024x536.png 1024w, https:\/\/avih.org\/wp-content\/uploads\/2025\/10\/emsp-768x402.png 768w, https:\/\/avih.org\/wp-content\/uploads\/2025\/10\/emsp-1536x804.png 1536w, https:\/\/avih.org\/wp-content\/uploads\/2025\/10\/emsp-2048x1072.png 2048w\" sizes=\"(max-width: 2560px) 100vw, 2560px\" \/>\t\t\t\t\t\t\t\t\t\t\t\t\t\t\t<\/div>\n\t\t\t\t<\/div>\n\t\t\t\t<\/div>\n\t\t<div class=\"elementor-element elementor-element-4b955ef7 e-flex e-con-boxed e-con e-parent\" data-id=\"4b955ef7\" data-element_type=\"container\" data-e-type=\"container\">\n\t\t\t\t\t<div class=\"e-con-inner\">\n\t\t\t\t<div class=\"elementor-element elementor-element-3292ea7f elementor-widget elementor-widget-spacer\" data-id=\"3292ea7f\" data-element_type=\"widget\" data-e-type=\"widget\" data-widget_type=\"spacer.default\">\n\t\t\t\t\t\t\t<div class=\"elementor-spacer\">\n\t\t\t<div class=\"elementor-spacer-inner\"><\/div>\n\t\t<\/div>\n\t\t\t\t\t\t<\/div>\n\t\t\t\t\t<\/div>\n\t\t\t\t<\/div>\n\t\t<div class=\"elementor-element elementor-element-1069898e e-flex e-con-boxed e-con e-parent\" data-id=\"1069898e\" data-element_type=\"container\" data-e-type=\"container\">\n\t\t\t\t\t<div class=\"e-con-inner\">\n\t\t\t\t<div class=\"elementor-element elementor-element-25dee24d elementor-widget elementor-widget-heading\" data-id=\"25dee24d\" data-element_type=\"widget\" data-e-type=\"widget\" data-widget_type=\"heading.default\">\n\t\t\t\t\t<h2 class=\"elementor-heading-title elementor-size-default\">Mode d'admission et de sortie<\/h2>\t\t\t\t<\/div>\n\t\t\t\t<div class=\"elementor-element elementor-element-70c4908f elementor-widget elementor-widget-spacer\" data-id=\"70c4908f\" data-element_type=\"widget\" data-e-type=\"widget\" data-widget_type=\"spacer.default\">\n\t\t\t\t\t\t\t<div class=\"elementor-spacer\">\n\t\t\t<div class=\"elementor-spacer-inner\"><\/div>\n\t\t<\/div>\n\t\t\t\t\t\t<\/div>\n\t\t\t\t<div class=\"elementor-element elementor-element-5388df98 elementor-widget elementor-widget-image\" data-id=\"5388df98\" data-element_type=\"widget\" data-e-type=\"widget\" data-widget_type=\"image.default\">\n\t\t\t\t\t\t\t\t\t\t\t\t\t\t\t<img decoding=\"async\" width=\"537\" height=\"495\" src=\"https:\/\/avih.org\/wp-content\/uploads\/2025\/10\/emsp-1.png\" class=\"attachment-full size-full wp-image-633\" alt=\"\" srcset=\"https:\/\/avih.org\/wp-content\/uploads\/2025\/10\/emsp-1.png 537w, https:\/\/avih.org\/wp-content\/uploads\/2025\/10\/emsp-1-300x277.png 300w\" sizes=\"(max-width: 537px) 100vw, 537px\" \/>\t\t\t\t\t\t\t\t\t\t\t\t\t\t\t<\/div>\n\t\t\t\t\t<\/div>\n\t\t\t\t<\/div>\n\t\t<div class=\"elementor-element elementor-element-2b67576e e-flex e-con-boxed e-con e-parent\" data-id=\"2b67576e\" data-element_type=\"container\" data-e-type=\"container\">\n\t\t\t\t\t<div class=\"e-con-inner\">\n\t\t\t\t<div class=\"elementor-element elementor-element-257393ae elementor-widget elementor-widget-spacer\" data-id=\"257393ae\" data-element_type=\"widget\" data-e-type=\"widget\" data-widget_type=\"spacer.default\">\n\t\t\t\t\t\t\t<div class=\"elementor-spacer\">\n\t\t\t<div class=\"elementor-spacer-inner\"><\/div>\n\t\t<\/div>\n\t\t\t\t\t\t<\/div>\n\t\t\t\t\t<\/div>\n\t\t\t\t<\/div>\n\t\t<div class=\"elementor-element elementor-element-76fe3176 e-flex e-con-boxed e-con e-parent\" data-id=\"76fe3176\" data-element_type=\"container\" data-e-type=\"container\" data-settings=\"{&quot;background_background&quot;:&quot;classic&quot;}\">\n\t\t\t\t\t<div class=\"e-con-inner\">\n\t\t\t\t<div class=\"elementor-element elementor-element-21650f29 elementor-widget elementor-widget-heading\" data-id=\"21650f29\" data-element_type=\"widget\" data-e-type=\"widget\" data-widget_type=\"heading.default\">\n\t\t\t\t\t<h2 class=\"elementor-heading-title elementor-size-default\">Cadre r\u00e9glementaire<\/h2>\t\t\t\t<\/div>\n\t\t\t\t<div class=\"elementor-element elementor-element-63a67f0f elementor-widget elementor-widget-text-editor\" data-id=\"63a67f0f\" data-element_type=\"widget\" data-e-type=\"widget\" data-widget_type=\"text-editor.default\">\n\t\t\t\t\t\t\t\t\t<p><strong>La mission et les actions de ce service r\u00e9pondent \u00e0 la strat\u00e9gie nationale de sant\u00e9 2018-2022 et s\u2019inscrivent dans la mesure 27 du S\u00e9gur de la sant\u00e9, relative \u00e0 la lutte contre les in\u00e9galit\u00e9s de sant\u00e9.<\/strong><br \/>L\u2019EMSP rel\u00e8ve d\u2019un Etablissement Social et M\u00e9dico-Social (ESMS) et s\u2019inscrit dans le cadre l\u00e9gislatif de la loi n\u00b0 2002-2.<br \/>L\u2019\u00e9laboration du projet de\u00a0 service en 2022 a \u00e9t\u00e9 un moment fort dans la vie de l\u2019association qui ouvrait son premier ESMS. Il a permis de poser le cadre des interventions et les orientations strat\u00e9giques pour les cinq ans \u00e0 venir.<\/p>\t\t\t\t\t\t\t\t<\/div>\n\t\t\t\t\t<\/div>\n\t\t\t\t<\/div>\n\t\t<div class=\"elementor-element elementor-element-e37e4ed e-flex e-con-boxed e-con e-parent\" data-id=\"e37e4ed\" data-element_type=\"container\" data-e-type=\"container\">\n\t\t\t\t\t<div class=\"e-con-inner\">\n\t\t\t\t<div class=\"elementor-element elementor-element-84c3941 elementor-widget elementor-widget-spacer\" data-id=\"84c3941\" data-element_type=\"widget\" data-e-type=\"widget\" data-widget_type=\"spacer.default\">\n\t\t\t\t\t\t\t<div class=\"elementor-spacer\">\n\t\t\t<div class=\"elementor-spacer-inner\"><\/div>\n\t\t<\/div>\n\t\t\t\t\t\t<\/div>\n\t\t\t\t<div class=\"elementor-element elementor-element-20cc4dc5 elementor-align-right elementor-mobile-align-center elementor-widget elementor-widget-button\" data-id=\"20cc4dc5\" data-element_type=\"widget\" data-e-type=\"widget\" data-widget_type=\"button.default\">\n\t\t\t\t\t\t\t\t\t\t<a class=\"elementor-button elementor-button-link elementor-size-sm\" href=\"https:\/\/avih.org\/wp-content\/uploads\/2026\/04\/fiche-de-saisine-avih.pdf\" target=\"_blank\">\n\t\t\t\t\t\t<span class=\"elementor-button-content-wrapper\">\n\t\t\t\t\t\t\t\t\t<span class=\"elementor-button-text\">T\u00e9l\u00e9charger la fiche saisine Avih<\/span>\n\t\t\t\t\t<\/span>\n\t\t\t\t\t<\/a>\n\t\t\t\t\t\t\t\t<\/div>\n\t\t\t\t\t<\/div>\n\t\t\t\t<\/div>\n\t\t<div class=\"elementor-element elementor-element-5b7395a e-flex e-con-boxed e-con e-parent\" data-id=\"5b7395a\" data-element_type=\"container\" data-e-type=\"container\">\n\t\t\t\t\t<div class=\"e-con-inner\">\n\t\t\t\t<div class=\"elementor-element elementor-element-7da3cdf elementor-widget elementor-widget-spacer\" data-id=\"7da3cdf\" data-element_type=\"widget\" data-e-type=\"widget\" data-widget_type=\"spacer.default\">\n\t\t\t\t\t\t\t<div class=\"elementor-spacer\">\n\t\t\t<div class=\"elementor-spacer-inner\"><\/div>\n\t\t<\/div>\n\t\t\t\t\t\t<\/div>\n\t\t\t\t\t<\/div>\n\t\t\t\t<\/div>\n\t\t\t\t<\/div>\n\t\t","protected":false},"excerpt":{"rendered":"<p>L\u2019Equipe Mobile Sant\u00e9 Pr\u00e9carit\u00e9 (EMSP) Elle vise \u00e0 promouvoir la sant\u00e9 des personnes en situation de pr\u00e9carit\u00e9 et de vuln\u00e9rabilit\u00e9 \u00e9loign\u00e9es des soins et \u00e0 lutter contre les in\u00e9galit\u00e9s de sant\u00e9. Elle intervient directement aupr\u00e8s des populations en grande difficult\u00e9 pour faciliter leur acc\u00e8s aux soins. Les personnes peuvent \u00eatre accompagn\u00e9es pour une dur\u00e9e de [&hellip;]<\/p>\n","protected":false},"author":1,"featured_media":0,"parent":0,"menu_order":0,"comment_status":"closed","ping_status":"closed","template":"","meta":{"footnotes":""},"class_list":["post-313","page","type-page","status-publish","hentry"],"_links":{"self":[{"href":"https:\/\/avih.org\/index.php\/wp-json\/wp\/v2\/pages\/313","targetHints":{"allow":["GET"]}}],"collection":[{"href":"https:\/\/avih.org\/index.php\/wp-json\/wp\/v2\/pages"}],"about":[{"href":"https:\/\/avih.org\/index.php\/wp-json\/wp\/v2\/types\/page"}],"author":[{"embeddable":true,"href":"https:\/\/avih.org\/index.php\/wp-json\/wp\/v2\/users\/1"}],"replies":[{"embeddable":true,"href":"https:\/\/avih.org\/index.php\/wp-json\/wp\/v2\/comments?post=313"}],"version-history":[{"count":43,"href":"https:\/\/avih.org\/index.php\/wp-json\/wp\/v2\/pages\/313\/revisions"}],"predecessor-version":[{"id":1639,"href":"https:\/\/avih.org\/index.php\/wp-json\/wp\/v2\/pages\/313\/revisions\/1639"}],"wp:attachment":[{"href":"https:\/\/avih.org\/index.php\/wp-json\/wp\/v2\/media?parent=313"}],"curies":[{"name":"wp","href":"https:\/\/api.w.org\/{rel}","templated":true}]}}