{"id":315,"date":"2025-10-02T12:35:56","date_gmt":"2025-10-02T12:35:56","guid":{"rendered":"http:\/\/avih.org\/?page_id=315"},"modified":"2026-04-17T07:00:38","modified_gmt":"2026-04-17T07:00:38","slug":"essip","status":"publish","type":"page","link":"https:\/\/avih.org\/index.php\/essip\/","title":{"rendered":"ESSIP"},"content":{"rendered":"\t\t<div data-elementor-type=\"wp-page\" data-elementor-id=\"315\" class=\"elementor elementor-315\" data-elementor-post-type=\"page\">\n\t\t\t\t<div class=\"elementor-element elementor-element-96c85f9 e-flex e-con-boxed e-con e-parent\" data-id=\"96c85f9\" data-element_type=\"container\" data-e-type=\"container\">\n\t\t\t\t\t<div class=\"e-con-inner\">\n\t\t\t\t\t<\/div>\n\t\t\t\t<\/div>\n\t\t<div class=\"elementor-element elementor-element-24f594ff e-con-full e-flex e-con e-parent\" data-id=\"24f594ff\" data-element_type=\"container\" data-e-type=\"container\" data-settings=\"{&quot;background_background&quot;:&quot;classic&quot;}\">\n\t\t\t\t<\/div>\n\t\t<div class=\"elementor-element elementor-element-2b15f925 e-flex e-con-boxed e-con e-parent\" data-id=\"2b15f925\" data-element_type=\"container\" data-e-type=\"container\">\n\t\t\t\t\t<div class=\"e-con-inner\">\n\t\t\t\t<div class=\"elementor-element elementor-element-5dda2de5 elementor-widget elementor-widget-spacer\" data-id=\"5dda2de5\" data-element_type=\"widget\" data-e-type=\"widget\" data-widget_type=\"spacer.default\">\n\t\t\t\t\t\t\t<div class=\"elementor-spacer\">\n\t\t\t<div class=\"elementor-spacer-inner\"><\/div>\n\t\t<\/div>\n\t\t\t\t\t\t<\/div>\n\t\t\t\t\t<\/div>\n\t\t\t\t<\/div>\n\t\t<div class=\"elementor-element elementor-element-14f2d9c e-flex e-con-boxed e-con e-parent\" data-id=\"14f2d9c\" data-element_type=\"container\" data-e-type=\"container\">\n\t\t\t\t\t<div class=\"e-con-inner\">\n\t\t\t\t<div class=\"elementor-element elementor-element-517d555 elementor-widget elementor-widget-heading\" data-id=\"517d555\" data-element_type=\"widget\" data-e-type=\"widget\" data-widget_type=\"heading.default\">\n\t\t\t\t\t<h2 class=\"elementor-heading-title elementor-size-default\">L\u2019 Equipe de Soins Sp\u00e9cialis\u00e9s Infirmiers Pr\u00e9carit\u00e9 (ESSIP)<\/h2>\t\t\t\t<\/div>\n\t\t\t\t\t<\/div>\n\t\t\t\t<\/div>\n\t\t<div class=\"elementor-element elementor-element-403092d e-flex e-con-boxed e-con e-parent\" data-id=\"403092d\" data-element_type=\"container\" data-e-type=\"container\">\n\t\t\t\t\t<div class=\"e-con-inner\">\n\t\t\t\t<div class=\"elementor-element elementor-element-171b4606 elementor-widget elementor-widget-spacer\" data-id=\"171b4606\" data-element_type=\"widget\" data-e-type=\"widget\" data-widget_type=\"spacer.default\">\n\t\t\t\t\t\t\t<div class=\"elementor-spacer\">\n\t\t\t<div class=\"elementor-spacer-inner\"><\/div>\n\t\t<\/div>\n\t\t\t\t\t\t<\/div>\n\t\t\t\t\t<\/div>\n\t\t\t\t<\/div>\n\t\t<div class=\"elementor-element elementor-element-5eedf966 e-flex e-con-boxed e-con e-parent\" data-id=\"5eedf966\" data-element_type=\"container\" data-e-type=\"container\">\n\t\t\t\t\t<div class=\"e-con-inner\">\n\t\t\t\t<div class=\"elementor-element elementor-element-161c0e6f elementor-widget elementor-widget-text-editor\" data-id=\"161c0e6f\" data-element_type=\"widget\" data-e-type=\"widget\" data-widget_type=\"text-editor.default\">\n\t\t\t\t\t\t\t\t\t<p>L\u2019ESSIP est une <strong>\u00e9quipe sp\u00e9cialis\u00e9e de professionnels de la sant\u00e9<\/strong> qui intervient <strong>sur prescription m\u00e9dicale<\/strong> aupr\u00e8s des <strong>personnes en situation de pr\u00e9carit\u00e9<\/strong> pour garantir les <strong>soins param\u00e9dicaux adapt\u00e9s<\/strong> \u00e0 leurs besoins.<br \/>Elle travaille avec diff\u00e9rents <strong>partenaires m\u00e9dicaux, sociaux et associatifs<\/strong> pour offrir un <strong>suivi global et individualis\u00e9.<\/strong><\/p>\t\t\t\t\t\t\t\t<\/div>\n\t\t\t\t\t<\/div>\n\t\t\t\t<\/div>\n\t\t<div class=\"elementor-element elementor-element-30c0a95d e-flex e-con-boxed e-con e-parent\" data-id=\"30c0a95d\" data-element_type=\"container\" data-e-type=\"container\">\n\t\t\t\t\t<div class=\"e-con-inner\">\n\t\t\t\t<div class=\"elementor-element elementor-element-5adaf052 elementor-widget elementor-widget-spacer\" data-id=\"5adaf052\" data-element_type=\"widget\" data-e-type=\"widget\" data-widget_type=\"spacer.default\">\n\t\t\t\t\t\t\t<div class=\"elementor-spacer\">\n\t\t\t<div class=\"elementor-spacer-inner\"><\/div>\n\t\t<\/div>\n\t\t\t\t\t\t<\/div>\n\t\t\t\t\t<\/div>\n\t\t\t\t<\/div>\n\t\t<div class=\"elementor-element elementor-element-21f7061f e-flex e-con-boxed e-con e-parent\" data-id=\"21f7061f\" data-element_type=\"container\" data-e-type=\"container\">\n\t\t\t\t\t<div class=\"e-con-inner\">\n\t\t<div class=\"elementor-element elementor-element-6ecd286b e-con-full e-flex e-con e-child\" data-id=\"6ecd286b\" data-element_type=\"container\" data-e-type=\"container\">\n\t\t<div class=\"elementor-element elementor-element-53242e5 e-con-full e-flex e-con e-child\" data-id=\"53242e5\" data-element_type=\"container\" data-e-type=\"container\">\n\t\t\t\t<div class=\"elementor-element elementor-element-7527cc23 elementor-widget elementor-widget-heading\" data-id=\"7527cc23\" data-element_type=\"widget\" data-e-type=\"widget\" data-widget_type=\"heading.default\">\n\t\t\t\t\t<h2 class=\"elementor-heading-title elementor-size-default\">Objectifs<\/h2>\t\t\t\t<\/div>\n\t\t\t\t<div class=\"elementor-element elementor-element-1fcd511 elementor-widget elementor-widget-spacer\" data-id=\"1fcd511\" data-element_type=\"widget\" data-e-type=\"widget\" data-widget_type=\"spacer.default\">\n\t\t\t\t\t\t\t<div class=\"elementor-spacer\">\n\t\t\t<div class=\"elementor-spacer-inner\"><\/div>\n\t\t<\/div>\n\t\t\t\t\t\t<\/div>\n\t\t\t\t<div class=\"elementor-element elementor-element-3c912100 elementor-widget elementor-widget-text-editor\" data-id=\"3c912100\" data-element_type=\"widget\" data-e-type=\"widget\" data-widget_type=\"text-editor.default\">\n\t\t\t\t\t\t\t\t\t<ul><li><strong>Faciliter l\u2019acc\u00e8s aux soins<\/strong> des personnes \u00e9loign\u00e9es des syst\u00e8mes de droit commun<\/li><li><strong>Inscrire durablement<\/strong> les adultes et enfants dans un <strong>parcours de soins structur\u00e9<\/strong><\/li><li><strong>Renforcer le r\u00f4le de l\u2019association<\/strong> dans la strat\u00e9gie <strong>sanitaire du territoire<\/strong><\/li><li><strong>Construire un r\u00e9seau local<\/strong> de partenaires identifi\u00e9s<\/li><\/ul>\t\t\t\t\t\t\t\t<\/div>\n\t\t\t\t<\/div>\n\t\t<div class=\"elementor-element elementor-element-589c41ae e-con-full e-flex e-con e-child\" data-id=\"589c41ae\" data-element_type=\"container\" data-e-type=\"container\">\n\t\t\t\t<div class=\"elementor-element elementor-element-39907ead elementor-widget elementor-widget-heading\" data-id=\"39907ead\" data-element_type=\"widget\" data-e-type=\"widget\" data-widget_type=\"heading.default\">\n\t\t\t\t\t<h2 class=\"elementor-heading-title elementor-size-default\">Public cible<\/h2>\t\t\t\t<\/div>\n\t\t\t\t<div class=\"elementor-element elementor-element-9682831 elementor-widget elementor-widget-spacer\" data-id=\"9682831\" data-element_type=\"widget\" data-e-type=\"widget\" data-widget_type=\"spacer.default\">\n\t\t\t\t\t\t\t<div class=\"elementor-spacer\">\n\t\t\t<div class=\"elementor-spacer-inner\"><\/div>\n\t\t<\/div>\n\t\t\t\t\t\t<\/div>\n\t\t\t\t<div class=\"elementor-element elementor-element-6ab3d582 elementor-widget elementor-widget-text-editor\" data-id=\"6ab3d582\" data-element_type=\"widget\" data-e-type=\"widget\" data-widget_type=\"text-editor.default\">\n\t\t\t\t\t\t\t\t\t<ul><li>Les <strong>personnes rencontrant des difficult\u00e9s d\u2019acc\u00e8s aux soins<\/strong> notamment celles en <strong>rupture de droits \u00e0 l\u2019assurance maladie.<\/strong><\/li><li><strong>Public tr\u00e8s \u00e9loign\u00e9<\/strong> du syst\u00e8me de sant\u00e9, <strong>en grande vuln\u00e9rabilit\u00e9<\/strong><\/li><\/ul>\t\t\t\t\t\t\t\t<\/div>\n\t\t\t\t<\/div>\n\t\t\t\t<\/div>\n\t\t\t\t\t<\/div>\n\t\t\t\t<\/div>\n\t\t<div class=\"elementor-element elementor-element-6153fba4 e-flex e-con-boxed e-con e-parent\" data-id=\"6153fba4\" data-element_type=\"container\" data-e-type=\"container\">\n\t\t\t\t\t<div class=\"e-con-inner\">\n\t\t\t\t<div class=\"elementor-element elementor-element-2a96a557 elementor-widget elementor-widget-spacer\" data-id=\"2a96a557\" data-element_type=\"widget\" data-e-type=\"widget\" data-widget_type=\"spacer.default\">\n\t\t\t\t\t\t\t<div class=\"elementor-spacer\">\n\t\t\t<div class=\"elementor-spacer-inner\"><\/div>\n\t\t<\/div>\n\t\t\t\t\t\t<\/div>\n\t\t\t\t\t<\/div>\n\t\t\t\t<\/div>\n\t\t<div class=\"elementor-element elementor-element-6b381ccf e-flex e-con-boxed e-con e-parent\" data-id=\"6b381ccf\" data-element_type=\"container\" data-e-type=\"container\">\n\t\t\t\t\t<div class=\"e-con-inner\">\n\t\t<div class=\"elementor-element elementor-element-b3dca39 e-con-full e-flex e-con e-child\" data-id=\"b3dca39\" data-element_type=\"container\" data-e-type=\"container\">\n\t\t\t\t<div class=\"elementor-element elementor-element-1215b10 elementor-widget elementor-widget-image\" data-id=\"1215b10\" data-element_type=\"widget\" data-e-type=\"widget\" data-widget_type=\"image.default\">\n\t\t\t\t\t\t\t\t\t\t\t\t\t\t\t<img fetchpriority=\"high\" decoding=\"async\" width=\"561\" height=\"465\" src=\"https:\/\/avih.org\/wp-content\/uploads\/2025\/10\/carte_77_1.png\" class=\"attachment-large size-large wp-image-600\" alt=\"\" srcset=\"https:\/\/avih.org\/wp-content\/uploads\/2025\/10\/carte_77_1.png 561w, https:\/\/avih.org\/wp-content\/uploads\/2025\/10\/carte_77_1-300x249.png 300w\" sizes=\"(max-width: 561px) 100vw, 561px\" \/>\t\t\t\t\t\t\t\t\t\t\t\t\t\t\t<\/div>\n\t\t\t\t<\/div>\n\t\t<div class=\"elementor-element elementor-element-1e52240 e-con-full e-flex e-con e-child\" data-id=\"1e52240\" data-element_type=\"container\" data-e-type=\"container\">\n\t\t\t\t<div class=\"elementor-element elementor-element-22123623 elementor-widget elementor-widget-heading\" data-id=\"22123623\" data-element_type=\"widget\" data-e-type=\"widget\" data-widget_type=\"heading.default\">\n\t\t\t\t\t<h2 class=\"elementor-heading-title elementor-size-default\">Territoire d'intervention<\/h2>\t\t\t\t<\/div>\n\t\t\t\t<div class=\"elementor-element elementor-element-2d5cbdd8 elementor-widget elementor-widget-text-editor\" data-id=\"2d5cbdd8\" data-element_type=\"widget\" data-e-type=\"widget\" data-widget_type=\"text-editor.default\">\n\t\t\t\t\t\t\t\t\t<p>240 communes<br \/>Nord de la Seine-et-Marne<\/p>\t\t\t\t\t\t\t\t<\/div>\n\t\t\t\t<\/div>\n\t\t\t\t\t<\/div>\n\t\t\t\t<\/div>\n\t\t<div class=\"elementor-element elementor-element-7e1ad3ba e-flex e-con-boxed e-con e-parent\" data-id=\"7e1ad3ba\" data-element_type=\"container\" data-e-type=\"container\">\n\t\t\t\t\t<div class=\"e-con-inner\">\n\t\t\t\t<div class=\"elementor-element elementor-element-73507098 elementor-widget elementor-widget-spacer\" data-id=\"73507098\" data-element_type=\"widget\" data-e-type=\"widget\" data-widget_type=\"spacer.default\">\n\t\t\t\t\t\t\t<div class=\"elementor-spacer\">\n\t\t\t<div class=\"elementor-spacer-inner\"><\/div>\n\t\t<\/div>\n\t\t\t\t\t\t<\/div>\n\t\t\t\t\t<\/div>\n\t\t\t\t<\/div>\n\t\t<div class=\"elementor-element elementor-element-3e2223f1 e-flex e-con-boxed e-con e-parent\" data-id=\"3e2223f1\" data-element_type=\"container\" data-e-type=\"container\">\n\t\t\t\t\t<div class=\"e-con-inner\">\n\t\t<div class=\"elementor-element elementor-element-7e77f83c e-con-full e-flex e-con e-child\" data-id=\"7e77f83c\" data-element_type=\"container\" data-e-type=\"container\">\n\t\t\t\t<div class=\"elementor-element elementor-element-1961dd55 elementor-widget elementor-widget-heading\" data-id=\"1961dd55\" data-element_type=\"widget\" data-e-type=\"widget\" data-widget_type=\"heading.default\">\n\t\t\t\t\t<h2 class=\"elementor-heading-title elementor-size-default\">Actions<\/h2>\t\t\t\t<\/div>\n\t\t\t\t<div class=\"elementor-element elementor-element-da5957f elementor-widget elementor-widget-text-editor\" data-id=\"da5957f\" data-element_type=\"widget\" data-e-type=\"widget\" data-widget_type=\"text-editor.default\">\n\t\t\t\t\t\t\t\t\t<ul><li><strong>Assurer des soins techniques et relationnels<\/strong> mais aussi d\u2019hygi\u00e8ne et de confort sur prescription m\u00e9dicale, sur les lieux de vie des personnes<\/li><li><strong>Faciliter les orientations<\/strong> vers les structures m\u00e9dicales et sociales pour \u00e9viter les ruptures de soins.<\/li><li><strong>Assurer la continuit\u00e9 des soins<\/strong> \u00e0 la suite d\u2019une hospitalisation<\/li><li><strong>Donner une information compr\u00e9hensible<\/strong> pour permettre aux personnes de faire des choix \u00e9clair\u00e9s en mati\u00e8re de sant\u00e9<\/li><li><strong>Participer \u00e0 la dynamique de territoire<\/strong> pour une am\u00e9lioration r\u00e9elle et durable de la situation des personnes vivant en habitat pr\u00e9caire<\/li><\/ul>\t\t\t\t\t\t\t\t<\/div>\n\t\t\t\t<\/div>\n\t\t\t\t<div class=\"elementor-element elementor-element-3f4fed5 elementor-widget elementor-widget-image\" data-id=\"3f4fed5\" data-element_type=\"widget\" data-e-type=\"widget\" data-widget_type=\"image.default\">\n\t\t\t\t\t\t\t\t\t\t\t\t\t\t\t<img decoding=\"async\" width=\"800\" height=\"527\" src=\"https:\/\/avih.org\/wp-content\/uploads\/2025\/10\/coeur-1-1024x674.png\" class=\"attachment-large size-large wp-image-594\" alt=\"\" srcset=\"https:\/\/avih.org\/wp-content\/uploads\/2025\/10\/coeur-1-1024x674.png 1024w, https:\/\/avih.org\/wp-content\/uploads\/2025\/10\/coeur-1-300x197.png 300w, https:\/\/avih.org\/wp-content\/uploads\/2025\/10\/coeur-1-768x505.png 768w\" sizes=\"(max-width: 800px) 100vw, 800px\" \/>\t\t\t\t\t\t\t\t\t\t\t\t\t\t\t<\/div>\n\t\t\t\t\t<\/div>\n\t\t\t\t<\/div>\n\t\t<div class=\"elementor-element elementor-element-314e6365 e-flex e-con-boxed e-con e-parent\" data-id=\"314e6365\" data-element_type=\"container\" data-e-type=\"container\">\n\t\t\t\t\t<div class=\"e-con-inner\">\n\t\t\t\t<div class=\"elementor-element elementor-element-2af2834d elementor-widget elementor-widget-spacer\" data-id=\"2af2834d\" data-element_type=\"widget\" data-e-type=\"widget\" data-widget_type=\"spacer.default\">\n\t\t\t\t\t\t\t<div class=\"elementor-spacer\">\n\t\t\t<div class=\"elementor-spacer-inner\"><\/div>\n\t\t<\/div>\n\t\t\t\t\t\t<\/div>\n\t\t\t\t\t<\/div>\n\t\t\t\t<\/div>\n\t\t<div class=\"elementor-element elementor-element-508e8bb7 e-flex e-con-boxed e-con e-parent\" data-id=\"508e8bb7\" data-element_type=\"container\" data-e-type=\"container\">\n\t\t\t\t\t<div class=\"e-con-inner\">\n\t\t\t\t<div class=\"elementor-element elementor-element-6512f666 elementor-widget elementor-widget-heading\" data-id=\"6512f666\" data-element_type=\"widget\" data-e-type=\"widget\" data-widget_type=\"heading.default\">\n\t\t\t\t\t<h2 class=\"elementor-heading-title elementor-size-default\">Mode d'admission et de sortie<\/h2>\t\t\t\t<\/div>\n\t\t\t\t<div class=\"elementor-element elementor-element-d2db902 elementor-widget elementor-widget-spacer\" data-id=\"d2db902\" data-element_type=\"widget\" data-e-type=\"widget\" data-widget_type=\"spacer.default\">\n\t\t\t\t\t\t\t<div class=\"elementor-spacer\">\n\t\t\t<div class=\"elementor-spacer-inner\"><\/div>\n\t\t<\/div>\n\t\t\t\t\t\t<\/div>\n\t\t\t\t<div class=\"elementor-element elementor-element-4a06645f elementor-widget elementor-widget-image\" data-id=\"4a06645f\" data-element_type=\"widget\" data-e-type=\"widget\" data-widget_type=\"image.default\">\n\t\t\t\t\t\t\t\t\t\t\t\t\t\t\t<img decoding=\"async\" width=\"800\" height=\"329\" src=\"https:\/\/avih.org\/wp-content\/uploads\/2025\/10\/essip.png\" class=\"attachment-large size-large wp-image-638\" alt=\"\" srcset=\"https:\/\/avih.org\/wp-content\/uploads\/2025\/10\/essip.png 1013w, https:\/\/avih.org\/wp-content\/uploads\/2025\/10\/essip-300x123.png 300w, https:\/\/avih.org\/wp-content\/uploads\/2025\/10\/essip-768x316.png 768w\" sizes=\"(max-width: 800px) 100vw, 800px\" \/>\t\t\t\t\t\t\t\t\t\t\t\t\t\t\t<\/div>\n\t\t\t\t\t<\/div>\n\t\t\t\t<\/div>\n\t\t<div class=\"elementor-element elementor-element-70d63323 e-flex e-con-boxed e-con e-parent\" data-id=\"70d63323\" data-element_type=\"container\" data-e-type=\"container\">\n\t\t\t\t\t<div class=\"e-con-inner\">\n\t\t\t\t<div class=\"elementor-element elementor-element-7b6143bf elementor-widget elementor-widget-spacer\" data-id=\"7b6143bf\" data-element_type=\"widget\" data-e-type=\"widget\" data-widget_type=\"spacer.default\">\n\t\t\t\t\t\t\t<div class=\"elementor-spacer\">\n\t\t\t<div class=\"elementor-spacer-inner\"><\/div>\n\t\t<\/div>\n\t\t\t\t\t\t<\/div>\n\t\t\t\t\t<\/div>\n\t\t\t\t<\/div>\n\t\t<div class=\"elementor-element elementor-element-2e146b4a e-flex e-con-boxed e-con e-parent\" data-id=\"2e146b4a\" data-element_type=\"container\" data-e-type=\"container\" data-settings=\"{&quot;background_background&quot;:&quot;classic&quot;}\">\n\t\t\t\t\t<div class=\"e-con-inner\">\n\t\t\t\t<div class=\"elementor-element elementor-element-791585f6 elementor-widget elementor-widget-heading\" data-id=\"791585f6\" data-element_type=\"widget\" data-e-type=\"widget\" data-widget_type=\"heading.default\">\n\t\t\t\t\t<h2 class=\"elementor-heading-title elementor-size-default\">Cadre r\u00e9glementaire<\/h2>\t\t\t\t<\/div>\n\t\t\t\t<div class=\"elementor-element elementor-element-4199f6ca elementor-widget elementor-widget-text-editor\" data-id=\"4199f6ca\" data-element_type=\"widget\" data-e-type=\"widget\" data-widget_type=\"text-editor.default\">\n\t\t\t\t\t\t\t\t\t<p><strong>La mission et les actions de ce service r\u00e9pondent \u00e0 la strat\u00e9gie nationale de sant\u00e9 2018-2022 et s\u2019inscrivent dans la mesure 27 du S\u00e9gur de la sant\u00e9, relative \u00e0 la lutte contre les in\u00e9galit\u00e9s de sant\u00e9.<\/strong><br \/>L\u2019ESSIP rel\u00e8ve d\u2019un Etablissement Social et\u00a0 M\u00e9dico-Social (ESMS) et s\u2019inscrit dans le cadre l\u00e9gislatif de la loi n\u00b0 2002-2, avec une autorisation administrative d\u00e9livr\u00e9e par l\u2019ARS. <br \/>Le projet de service sera finalis\u00e9 en 2025 et fixera le cadre strat\u00e9gique pour 5 ans.<\/p>\t\t\t\t\t\t\t\t<\/div>\n\t\t\t\t\t<\/div>\n\t\t\t\t<\/div>\n\t\t<div class=\"elementor-element elementor-element-66cd516c e-flex e-con-boxed e-con e-parent\" data-id=\"66cd516c\" data-element_type=\"container\" data-e-type=\"container\">\n\t\t\t\t\t<div class=\"e-con-inner\">\n\t\t\t\t<div class=\"elementor-element elementor-element-51f864fe elementor-widget elementor-widget-spacer\" data-id=\"51f864fe\" data-element_type=\"widget\" data-e-type=\"widget\" data-widget_type=\"spacer.default\">\n\t\t\t\t\t\t\t<div class=\"elementor-spacer\">\n\t\t\t<div class=\"elementor-spacer-inner\"><\/div>\n\t\t<\/div>\n\t\t\t\t\t\t<\/div>\n\t\t\t\t<div class=\"elementor-element elementor-element-bf8946e elementor-align-right elementor-widget elementor-widget-button\" data-id=\"bf8946e\" data-element_type=\"widget\" data-e-type=\"widget\" data-widget_type=\"button.default\">\n\t\t\t\t\t\t\t\t\t\t<a class=\"elementor-button elementor-button-link elementor-size-sm\" href=\"https:\/\/avih.org\/wp-content\/uploads\/2026\/04\/fiche-de-saisine-avih.pdf\" target=\"_blank\">\n\t\t\t\t\t\t<span class=\"elementor-button-content-wrapper\">\n\t\t\t\t\t\t\t\t\t<span class=\"elementor-button-text\">T\u00e9l\u00e9charger la fiche saisine Avih<\/span>\n\t\t\t\t\t<\/span>\n\t\t\t\t\t<\/a>\n\t\t\t\t\t\t\t\t<\/div>\n\t\t\t\t\t<\/div>\n\t\t\t\t<\/div>\n\t\t<div class=\"elementor-element elementor-element-c62c605 e-flex e-con-boxed e-con e-parent\" data-id=\"c62c605\" data-element_type=\"container\" data-e-type=\"container\">\n\t\t\t\t\t<div class=\"e-con-inner\">\n\t\t\t\t<div class=\"elementor-element elementor-element-c7fabdb elementor-widget elementor-widget-spacer\" data-id=\"c7fabdb\" data-element_type=\"widget\" data-e-type=\"widget\" data-widget_type=\"spacer.default\">\n\t\t\t\t\t\t\t<div class=\"elementor-spacer\">\n\t\t\t<div class=\"elementor-spacer-inner\"><\/div>\n\t\t<\/div>\n\t\t\t\t\t\t<\/div>\n\t\t\t\t\t<\/div>\n\t\t\t\t<\/div>\n\t\t\t\t<\/div>\n\t\t","protected":false},"excerpt":{"rendered":"<p>L\u2019 Equipe de Soins Sp\u00e9cialis\u00e9s Infirmiers Pr\u00e9carit\u00e9 (ESSIP) L\u2019ESSIP est une \u00e9quipe sp\u00e9cialis\u00e9e de professionnels de la sant\u00e9 qui intervient sur prescription m\u00e9dicale aupr\u00e8s des personnes en situation de pr\u00e9carit\u00e9 pour garantir les soins param\u00e9dicaux adapt\u00e9s \u00e0 leurs besoins.Elle travaille avec diff\u00e9rents partenaires m\u00e9dicaux, sociaux et associatifs pour offrir un suivi global et individualis\u00e9. Objectifs [&hellip;]<\/p>\n","protected":false},"author":1,"featured_media":0,"parent":0,"menu_order":0,"comment_status":"closed","ping_status":"closed","template":"","meta":{"footnotes":""},"class_list":["post-315","page","type-page","status-publish","hentry"],"_links":{"self":[{"href":"https:\/\/avih.org\/index.php\/wp-json\/wp\/v2\/pages\/315","targetHints":{"allow":["GET"]}}],"collection":[{"href":"https:\/\/avih.org\/index.php\/wp-json\/wp\/v2\/pages"}],"about":[{"href":"https:\/\/avih.org\/index.php\/wp-json\/wp\/v2\/types\/page"}],"author":[{"embeddable":true,"href":"https:\/\/avih.org\/index.php\/wp-json\/wp\/v2\/users\/1"}],"replies":[{"embeddable":true,"href":"https:\/\/avih.org\/index.php\/wp-json\/wp\/v2\/comments?post=315"}],"version-history":[{"count":49,"href":"https:\/\/avih.org\/index.php\/wp-json\/wp\/v2\/pages\/315\/revisions"}],"predecessor-version":[{"id":1642,"href":"https:\/\/avih.org\/index.php\/wp-json\/wp\/v2\/pages\/315\/revisions\/1642"}],"wp:attachment":[{"href":"https:\/\/avih.org\/index.php\/wp-json\/wp\/v2\/media?parent=315"}],"curies":[{"name":"wp","href":"https:\/\/api.w.org\/{rel}","templated":true}]}}