{"id":317,"date":"2025-10-02T12:36:27","date_gmt":"2025-10-02T12:36:27","guid":{"rendered":"http:\/\/avih.org\/?page_id=317"},"modified":"2026-02-09T15:06:30","modified_gmt":"2026-02-09T15:06:30","slug":"actions-en-sante-en-faveur-des-publics-en-bidonvilles-ou-squats","status":"publish","type":"page","link":"https:\/\/avih.org\/index.php\/actions-en-sante-en-faveur-des-publics-en-bidonvilles-ou-squats\/","title":{"rendered":"Actions en sant\u00e9 en faveur des publics en bidonvilles ou squats"},"content":{"rendered":"\t\t<div data-elementor-type=\"wp-page\" data-elementor-id=\"317\" class=\"elementor elementor-317\" data-elementor-post-type=\"page\">\n\t\t\t\t<div class=\"elementor-element elementor-element-35ae1c83 e-con-full e-flex e-con e-parent\" data-id=\"35ae1c83\" data-element_type=\"container\" data-e-type=\"container\" data-settings=\"{&quot;background_background&quot;:&quot;classic&quot;}\">\n\t\t\t\t<\/div>\n\t\t<div class=\"elementor-element elementor-element-11f48615 e-flex e-con-boxed e-con e-parent\" data-id=\"11f48615\" data-element_type=\"container\" data-e-type=\"container\">\n\t\t\t\t\t<div class=\"e-con-inner\">\n\t\t\t\t<div class=\"elementor-element elementor-element-1683eaed elementor-widget elementor-widget-spacer\" data-id=\"1683eaed\" data-element_type=\"widget\" data-e-type=\"widget\" data-widget_type=\"spacer.default\">\n\t\t\t\t\t\t\t<div class=\"elementor-spacer\">\n\t\t\t<div class=\"elementor-spacer-inner\"><\/div>\n\t\t<\/div>\n\t\t\t\t\t\t<\/div>\n\t\t\t\t\t<\/div>\n\t\t\t\t<\/div>\n\t\t<div class=\"elementor-element elementor-element-56b4335b e-flex e-con-boxed e-con e-parent\" data-id=\"56b4335b\" data-element_type=\"container\" data-e-type=\"container\">\n\t\t\t\t\t<div class=\"e-con-inner\">\n\t\t\t\t<div class=\"elementor-element elementor-element-3345bf1a elementor-widget elementor-widget-heading\" data-id=\"3345bf1a\" data-element_type=\"widget\" data-e-type=\"widget\" data-widget_type=\"heading.default\">\n\t\t\t\t\t<h2 class=\"elementor-heading-title elementor-size-default\">Actions en sant\u00e9 en faveur des publics en\nbidonvilles et squats<\/h2>\t\t\t\t<\/div>\n\t\t\t\t\t<\/div>\n\t\t\t\t<\/div>\n\t\t<div class=\"elementor-element elementor-element-468073b5 e-flex e-con-boxed e-con e-parent\" data-id=\"468073b5\" data-element_type=\"container\" data-e-type=\"container\">\n\t\t\t\t\t<div class=\"e-con-inner\">\n\t\t\t\t<div class=\"elementor-element elementor-element-32ed8094 elementor-widget elementor-widget-spacer\" data-id=\"32ed8094\" data-element_type=\"widget\" data-e-type=\"widget\" data-widget_type=\"spacer.default\">\n\t\t\t\t\t\t\t<div class=\"elementor-spacer\">\n\t\t\t<div class=\"elementor-spacer-inner\"><\/div>\n\t\t<\/div>\n\t\t\t\t\t\t<\/div>\n\t\t\t\t\t<\/div>\n\t\t\t\t<\/div>\n\t\t<div class=\"elementor-element elementor-element-23e7edb6 e-flex e-con-boxed e-con e-parent\" data-id=\"23e7edb6\" data-element_type=\"container\" data-e-type=\"container\">\n\t\t\t\t\t<div class=\"e-con-inner\">\n\t\t\t\t<div class=\"elementor-element elementor-element-3fb4d58c elementor-widget elementor-widget-text-editor\" data-id=\"3fb4d58c\" data-element_type=\"widget\" data-e-type=\"widget\" data-widget_type=\"text-editor.default\">\n\t\t\t\t\t\t\t\t\t<p>Ce dispositif vise \u00e0 <strong>promouvoir l\u2019insertion des familles<\/strong> en se positionnant sur le <strong>volet sant\u00e9<\/strong> comme <strong>d\u00e9terminant primordial<\/strong> \u00e0 tout projet <strong>d\u2019insertion vers l\u2019emploi et le logement<\/strong>. Il peut accompagner 100 personnes, sans limite de dur\u00e9e.<\/p>\t\t\t\t\t\t\t\t<\/div>\n\t\t\t\t\t<\/div>\n\t\t\t\t<\/div>\n\t\t<div class=\"elementor-element elementor-element-5c9dcc9a e-flex e-con-boxed e-con e-parent\" data-id=\"5c9dcc9a\" data-element_type=\"container\" data-e-type=\"container\">\n\t\t\t\t\t<div class=\"e-con-inner\">\n\t\t\t\t<div class=\"elementor-element elementor-element-361fa862 elementor-widget elementor-widget-spacer\" data-id=\"361fa862\" data-element_type=\"widget\" data-e-type=\"widget\" data-widget_type=\"spacer.default\">\n\t\t\t\t\t\t\t<div class=\"elementor-spacer\">\n\t\t\t<div class=\"elementor-spacer-inner\"><\/div>\n\t\t<\/div>\n\t\t\t\t\t\t<\/div>\n\t\t\t\t\t<\/div>\n\t\t\t\t<\/div>\n\t\t<div class=\"elementor-element elementor-element-1f568b43 e-flex e-con-boxed e-con e-parent\" data-id=\"1f568b43\" data-element_type=\"container\" data-e-type=\"container\">\n\t\t\t\t\t<div class=\"e-con-inner\">\n\t\t<div class=\"elementor-element elementor-element-31b56f94 e-con-full e-flex e-con e-child\" data-id=\"31b56f94\" data-element_type=\"container\" data-e-type=\"container\">\n\t\t<div class=\"elementor-element elementor-element-676858a4 e-con-full e-flex e-con e-child\" data-id=\"676858a4\" data-element_type=\"container\" data-e-type=\"container\">\n\t\t\t\t<div class=\"elementor-element elementor-element-5d55bcf3 elementor-widget elementor-widget-heading\" data-id=\"5d55bcf3\" data-element_type=\"widget\" data-e-type=\"widget\" data-widget_type=\"heading.default\">\n\t\t\t\t\t<h2 class=\"elementor-heading-title elementor-size-default\">Objectifs<\/h2>\t\t\t\t<\/div>\n\t\t\t\t<div class=\"elementor-element elementor-element-47cbc016 elementor-widget elementor-widget-spacer\" data-id=\"47cbc016\" data-element_type=\"widget\" data-e-type=\"widget\" data-widget_type=\"spacer.default\">\n\t\t\t\t\t\t\t<div class=\"elementor-spacer\">\n\t\t\t<div class=\"elementor-spacer-inner\"><\/div>\n\t\t<\/div>\n\t\t\t\t\t\t<\/div>\n\t\t\t\t<div class=\"elementor-element elementor-element-59158406 elementor-widget elementor-widget-text-editor\" data-id=\"59158406\" data-element_type=\"widget\" data-e-type=\"widget\" data-widget_type=\"text-editor.default\">\n\t\t\t\t\t\t\t\t\t<ul>\n<li><strong>Inscrire l\u2019association<\/strong> comme <strong>actrice de la r\u00e9sorption des bidonvilles et squats<\/strong> au nord de la Seine-et-Marne, avec un \u00e9tat des lieux et une veille active aupr\u00e8s des habitants.<\/li>\n<li><strong>Valoriser les ressources et comp\u00e9tences <\/strong>individuelles et collectives, et dispenser une information claire pour favoriser l\u2019entr\u00e9e dans un parcours de soins.<\/li>\n<li><strong>D\u00e9velopper le partenariat<\/strong> avec les acteurs de l\u2019insertion familiale, dans une logique de compl\u00e9mentarit\u00e9 des actions.<\/li>\n<li><strong>Promouvoir l\u2019acc\u00e8s aux soins<\/strong>, \u00e0 l\u2019emploi, au logement et \u00e0 l\u2019h\u00e9bergement, et rep\u00e9rer les freins rencontr\u00e9s.<\/li>\n<li><strong>Sensibiliser les acteurs<\/strong> m\u00e9dico-sociaux, institutions et partenaires aux vuln\u00e9rabilit\u00e9s sp\u00e9cifiques de ces publics.<\/li>\n<li><strong>Lutter contre l\u2019habitat indigne, les <\/strong><strong>discriminations, la d\u00e9fiance et la traite<\/strong>, et identifier les situations de grande vuln\u00e9rabilit\u00e9.<\/li>\n<\/ul>\t\t\t\t\t\t\t\t<\/div>\n\t\t\t\t<\/div>\n\t\t<div class=\"elementor-element elementor-element-754a6592 e-con-full e-flex e-con e-child\" data-id=\"754a6592\" data-element_type=\"container\" data-e-type=\"container\">\n\t\t\t\t<div class=\"elementor-element elementor-element-5866b21a elementor-widget elementor-widget-heading\" data-id=\"5866b21a\" data-element_type=\"widget\" data-e-type=\"widget\" data-widget_type=\"heading.default\">\n\t\t\t\t\t<h2 class=\"elementor-heading-title elementor-size-default\">Public cible<\/h2>\t\t\t\t<\/div>\n\t\t\t\t<div class=\"elementor-element elementor-element-2120911e elementor-widget elementor-widget-spacer\" data-id=\"2120911e\" data-element_type=\"widget\" data-e-type=\"widget\" data-widget_type=\"spacer.default\">\n\t\t\t\t\t\t\t<div class=\"elementor-spacer\">\n\t\t\t<div class=\"elementor-spacer-inner\"><\/div>\n\t\t<\/div>\n\t\t\t\t\t\t<\/div>\n\t\t\t\t<div class=\"elementor-element elementor-element-6db4cb0f elementor-widget elementor-widget-text-editor\" data-id=\"6db4cb0f\" data-element_type=\"widget\" data-e-type=\"widget\" data-widget_type=\"text-editor.default\">\n\t\t\t\t\t\t\t\t\t<ul><li>Les habitants des bidonvilles et des squats ainsi que les familles h\u00e9berg\u00e9es \u00e0 l\u2019h\u00f4tel \u00e0 la suite d\u2019une r\u00e9sorption de site.<\/li><\/ul>\t\t\t\t\t\t\t\t<\/div>\n\t\t\t\t<\/div>\n\t\t\t\t<\/div>\n\t\t\t\t\t<\/div>\n\t\t\t\t<\/div>\n\t\t<div class=\"elementor-element elementor-element-8dafdcc e-flex e-con-boxed e-con e-parent\" data-id=\"8dafdcc\" data-element_type=\"container\" data-e-type=\"container\">\n\t\t\t\t\t<div class=\"e-con-inner\">\n\t\t\t\t<div class=\"elementor-element elementor-element-1cb90485 elementor-widget elementor-widget-spacer\" data-id=\"1cb90485\" data-element_type=\"widget\" data-e-type=\"widget\" data-widget_type=\"spacer.default\">\n\t\t\t\t\t\t\t<div class=\"elementor-spacer\">\n\t\t\t<div class=\"elementor-spacer-inner\"><\/div>\n\t\t<\/div>\n\t\t\t\t\t\t<\/div>\n\t\t\t\t\t<\/div>\n\t\t\t\t<\/div>\n\t\t<div class=\"elementor-element elementor-element-423a4526 e-flex e-con-boxed e-con e-parent\" data-id=\"423a4526\" data-element_type=\"container\" data-e-type=\"container\">\n\t\t\t\t\t<div class=\"e-con-inner\">\n\t\t<div class=\"elementor-element elementor-element-33d8bbc8 e-con-full e-flex e-con e-child\" data-id=\"33d8bbc8\" data-element_type=\"container\" data-e-type=\"container\">\n\t\t\t\t<div class=\"elementor-element elementor-element-abae31d elementor-widget elementor-widget-image\" data-id=\"abae31d\" data-element_type=\"widget\" data-e-type=\"widget\" data-widget_type=\"image.default\">\n\t\t\t\t\t\t\t\t\t\t\t\t\t\t\t<img fetchpriority=\"high\" decoding=\"async\" width=\"561\" height=\"465\" src=\"https:\/\/avih.org\/wp-content\/uploads\/2025\/10\/carte_77_1.png\" class=\"attachment-large size-large wp-image-600\" alt=\"\" srcset=\"https:\/\/avih.org\/wp-content\/uploads\/2025\/10\/carte_77_1.png 561w, https:\/\/avih.org\/wp-content\/uploads\/2025\/10\/carte_77_1-300x249.png 300w\" sizes=\"(max-width: 561px) 100vw, 561px\" \/>\t\t\t\t\t\t\t\t\t\t\t\t\t\t\t<\/div>\n\t\t\t\t<\/div>\n\t\t<div class=\"elementor-element elementor-element-70043b8d e-con-full e-flex e-con e-child\" data-id=\"70043b8d\" data-element_type=\"container\" data-e-type=\"container\">\n\t\t\t\t<div class=\"elementor-element elementor-element-2e72eb90 elementor-widget elementor-widget-heading\" data-id=\"2e72eb90\" data-element_type=\"widget\" data-e-type=\"widget\" data-widget_type=\"heading.default\">\n\t\t\t\t\t<h2 class=\"elementor-heading-title elementor-size-default\">Territoire d'intervention<\/h2>\t\t\t\t<\/div>\n\t\t\t\t<div class=\"elementor-element elementor-element-3810883d elementor-widget elementor-widget-text-editor\" data-id=\"3810883d\" data-element_type=\"widget\" data-e-type=\"widget\" data-widget_type=\"text-editor.default\">\n\t\t\t\t\t\t\t\t\t<p>240 communes<br \/>Nord de la Seine-et-Marne<\/p>\t\t\t\t\t\t\t\t<\/div>\n\t\t\t\t<\/div>\n\t\t\t\t\t<\/div>\n\t\t\t\t<\/div>\n\t\t<div class=\"elementor-element elementor-element-29f5ba47 e-flex e-con-boxed e-con e-parent\" data-id=\"29f5ba47\" data-element_type=\"container\" data-e-type=\"container\">\n\t\t\t\t\t<div class=\"e-con-inner\">\n\t\t\t\t<div class=\"elementor-element elementor-element-30dbb9db elementor-widget elementor-widget-spacer\" data-id=\"30dbb9db\" data-element_type=\"widget\" data-e-type=\"widget\" data-widget_type=\"spacer.default\">\n\t\t\t\t\t\t\t<div class=\"elementor-spacer\">\n\t\t\t<div class=\"elementor-spacer-inner\"><\/div>\n\t\t<\/div>\n\t\t\t\t\t\t<\/div>\n\t\t\t\t\t<\/div>\n\t\t\t\t<\/div>\n\t\t<div class=\"elementor-element elementor-element-d54e8d1 e-con-full e-flex e-con e-parent\" data-id=\"d54e8d1\" data-element_type=\"container\" data-e-type=\"container\">\n\t\t<div class=\"elementor-element elementor-element-1dcf3c1e e-con-full e-flex e-con e-child\" data-id=\"1dcf3c1e\" data-element_type=\"container\" data-e-type=\"container\">\n\t\t\t\t<div class=\"elementor-element elementor-element-44c11551 elementor-widget elementor-widget-heading\" data-id=\"44c11551\" data-element_type=\"widget\" data-e-type=\"widget\" data-widget_type=\"heading.default\">\n\t\t\t\t\t<h2 class=\"elementor-heading-title elementor-size-default\">Actions<\/h2>\t\t\t\t<\/div>\n\t\t\t\t<div class=\"elementor-element elementor-element-5ebe6ef7 elementor-widget elementor-widget-text-editor\" data-id=\"5ebe6ef7\" data-element_type=\"widget\" data-e-type=\"widget\" data-widget_type=\"text-editor.default\">\n\t\t\t\t\t\t\t\t\t<ul><li>Le d\u00e9veloppement du <strong>partenariat<\/strong><\/li><li>Les actions d\u2019<strong>aller\u2013vers<\/strong><\/li><li>Le <strong>recensement des besoins<\/strong> des familles<\/li><li>Les <strong>accompagnements<\/strong> vers le soin et le droit commun<\/li><\/ul>\t\t\t\t\t\t\t\t<\/div>\n\t\t\t\t<\/div>\n\t\t<div class=\"elementor-element elementor-element-4840fb14 e-con-full e-flex e-con e-child\" data-id=\"4840fb14\" data-element_type=\"container\" data-e-type=\"container\">\n\t\t\t\t<div class=\"elementor-element elementor-element-7990b2b3 elementor-widget elementor-widget-image\" data-id=\"7990b2b3\" data-element_type=\"widget\" data-e-type=\"widget\" data-widget_type=\"image.default\">\n\t\t\t\t\t\t\t\t\t\t\t\t\t\t\t<img decoding=\"async\" width=\"2560\" height=\"1340\" src=\"https:\/\/avih.org\/wp-content\/uploads\/2025\/10\/bidonvilles-scaled.png\" class=\"attachment-full size-full wp-image-592\" alt=\"\" srcset=\"https:\/\/avih.org\/wp-content\/uploads\/2025\/10\/bidonvilles-scaled.png 2560w, https:\/\/avih.org\/wp-content\/uploads\/2025\/10\/bidonvilles-300x157.png 300w, https:\/\/avih.org\/wp-content\/uploads\/2025\/10\/bidonvilles-1024x536.png 1024w, https:\/\/avih.org\/wp-content\/uploads\/2025\/10\/bidonvilles-768x402.png 768w, https:\/\/avih.org\/wp-content\/uploads\/2025\/10\/bidonvilles-1536x804.png 1536w, https:\/\/avih.org\/wp-content\/uploads\/2025\/10\/bidonvilles-2048x1072.png 2048w\" sizes=\"(max-width: 2560px) 100vw, 2560px\" \/>\t\t\t\t\t\t\t\t\t\t\t\t\t\t\t<\/div>\n\t\t\t\t<\/div>\n\t\t\t\t<\/div>\n\t\t<div class=\"elementor-element elementor-element-52d1c9b9 e-flex e-con-boxed e-con e-parent\" data-id=\"52d1c9b9\" data-element_type=\"container\" data-e-type=\"container\">\n\t\t\t\t\t<div class=\"e-con-inner\">\n\t\t\t\t<div class=\"elementor-element elementor-element-1141e3ef elementor-widget elementor-widget-spacer\" data-id=\"1141e3ef\" data-element_type=\"widget\" data-e-type=\"widget\" data-widget_type=\"spacer.default\">\n\t\t\t\t\t\t\t<div class=\"elementor-spacer\">\n\t\t\t<div class=\"elementor-spacer-inner\"><\/div>\n\t\t<\/div>\n\t\t\t\t\t\t<\/div>\n\t\t\t\t\t<\/div>\n\t\t\t\t<\/div>\n\t\t<div class=\"elementor-element elementor-element-beb041a e-flex e-con-boxed e-con e-parent\" data-id=\"beb041a\" data-element_type=\"container\" data-e-type=\"container\">\n\t\t\t\t\t<div class=\"e-con-inner\">\n\t\t\t\t<div class=\"elementor-element elementor-element-68fbf988 elementor-widget elementor-widget-heading\" data-id=\"68fbf988\" data-element_type=\"widget\" data-e-type=\"widget\" data-widget_type=\"heading.default\">\n\t\t\t\t\t<h2 class=\"elementor-heading-title elementor-size-default\">Mode d'admission et de sortie<\/h2>\t\t\t\t<\/div>\n\t\t\t\t<div class=\"elementor-element elementor-element-6491a1b1 elementor-widget elementor-widget-spacer\" data-id=\"6491a1b1\" data-element_type=\"widget\" data-e-type=\"widget\" data-widget_type=\"spacer.default\">\n\t\t\t\t\t\t\t<div class=\"elementor-spacer\">\n\t\t\t<div class=\"elementor-spacer-inner\"><\/div>\n\t\t<\/div>\n\t\t\t\t\t\t<\/div>\n\t\t\t\t<div class=\"elementor-element elementor-element-647910ab elementor-widget elementor-widget-image\" data-id=\"647910ab\" data-element_type=\"widget\" data-e-type=\"widget\" data-widget_type=\"image.default\">\n\t\t\t\t\t\t\t\t\t\t\t\t\t\t\t<img decoding=\"async\" width=\"584\" height=\"398\" src=\"https:\/\/avih.org\/wp-content\/uploads\/2025\/10\/bidonvilles-1.png\" class=\"attachment-large size-large wp-image-652\" alt=\"\" srcset=\"https:\/\/avih.org\/wp-content\/uploads\/2025\/10\/bidonvilles-1.png 584w, https:\/\/avih.org\/wp-content\/uploads\/2025\/10\/bidonvilles-1-300x204.png 300w\" sizes=\"(max-width: 584px) 100vw, 584px\" \/>\t\t\t\t\t\t\t\t\t\t\t\t\t\t\t<\/div>\n\t\t\t\t\t<\/div>\n\t\t\t\t<\/div>\n\t\t<div class=\"elementor-element elementor-element-224b7801 e-flex e-con-boxed e-con e-parent\" data-id=\"224b7801\" data-element_type=\"container\" data-e-type=\"container\">\n\t\t\t\t\t<div class=\"e-con-inner\">\n\t\t\t\t<div class=\"elementor-element elementor-element-49ca81d elementor-widget elementor-widget-spacer\" data-id=\"49ca81d\" data-element_type=\"widget\" data-e-type=\"widget\" data-widget_type=\"spacer.default\">\n\t\t\t\t\t\t\t<div class=\"elementor-spacer\">\n\t\t\t<div class=\"elementor-spacer-inner\"><\/div>\n\t\t<\/div>\n\t\t\t\t\t\t<\/div>\n\t\t\t\t\t<\/div>\n\t\t\t\t<\/div>\n\t\t<div class=\"elementor-element elementor-element-3fc4d25b e-flex e-con-boxed e-con e-parent\" data-id=\"3fc4d25b\" data-element_type=\"container\" data-e-type=\"container\" data-settings=\"{&quot;background_background&quot;:&quot;classic&quot;}\">\n\t\t\t\t\t<div class=\"e-con-inner\">\n\t\t\t\t<div class=\"elementor-element elementor-element-3f7ccd33 elementor-widget elementor-widget-heading\" data-id=\"3f7ccd33\" data-element_type=\"widget\" data-e-type=\"widget\" data-widget_type=\"heading.default\">\n\t\t\t\t\t<h2 class=\"elementor-heading-title elementor-size-default\">Cadre r\u00e9glementaire<\/h2>\t\t\t\t<\/div>\n\t\t\t\t<div class=\"elementor-element elementor-element-6f957516 elementor-widget elementor-widget-text-editor\" data-id=\"6f957516\" data-element_type=\"widget\" data-e-type=\"widget\" data-widget_type=\"text-editor.default\">\n\t\t\t\t\t\t\t\t\t<p>Ce projet est financ\u00e9 dans le cadre du programme \u201ch\u00e9bergement, parcours vers le logement et insertion des personnes vuln\u00e9rables\u201d, par une subvention accord\u00e9e par l\u2019\u00c9tat, repr\u00e9sent\u00e9 par le Pr\u00e9fet de Seine-et-Marne et pilot\u00e9 par la Direction D\u00e9partementale de l\u2019Emploi, du Travail et de la Solidarit\u00e9 (DDETS) La convention s\u2019inscrit \u00e9galement dans la logique de la charte des engagements r\u00e9ciproques (circulaire n\u00b05811\/SG du 29 septembre 2015) et dans les orientations de la Direction Interminist\u00e9rielle \u00e0 l\u2019H\u00e9bergement et \u00e0 l\u2019acc\u00e8s au Logement (DIHAL), sur la r\u00e9sorption des bidonvilles.<\/p>\t\t\t\t\t\t\t\t<\/div>\n\t\t\t\t\t<\/div>\n\t\t\t\t<\/div>\n\t\t<div class=\"elementor-element elementor-element-2d1e8e18 e-flex e-con-boxed e-con e-parent\" data-id=\"2d1e8e18\" data-element_type=\"container\" data-e-type=\"container\">\n\t\t\t\t\t<div class=\"e-con-inner\">\n\t\t\t\t<div class=\"elementor-element elementor-element-1f42f254 elementor-widget elementor-widget-spacer\" data-id=\"1f42f254\" data-element_type=\"widget\" data-e-type=\"widget\" data-widget_type=\"spacer.default\">\n\t\t\t\t\t\t\t<div class=\"elementor-spacer\">\n\t\t\t<div class=\"elementor-spacer-inner\"><\/div>\n\t\t<\/div>\n\t\t\t\t\t\t<\/div>\n\t\t\t\t<div class=\"elementor-element elementor-element-180d53e6 elementor-align-right elementor-widget elementor-widget-button\" data-id=\"180d53e6\" data-element_type=\"widget\" data-e-type=\"widget\" data-widget_type=\"button.default\">\n\t\t\t\t\t\t\t\t\t\t<a class=\"elementor-button elementor-button-link elementor-size-sm\" href=\"https:\/\/avih.org\/index.php\/contact\/\">\n\t\t\t\t\t\t<span class=\"elementor-button-content-wrapper\">\n\t\t\t\t\t\t\t\t\t<span class=\"elementor-button-text\">Contactez-nous<\/span>\n\t\t\t\t\t<\/span>\n\t\t\t\t\t<\/a>\n\t\t\t\t\t\t\t\t<\/div>\n\t\t\t\t\t<\/div>\n\t\t\t\t<\/div>\n\t\t<div class=\"elementor-element elementor-element-f8f10e0 e-flex e-con-boxed e-con e-parent\" data-id=\"f8f10e0\" data-element_type=\"container\" data-e-type=\"container\">\n\t\t\t\t\t<div class=\"e-con-inner\">\n\t\t\t\t<div class=\"elementor-element elementor-element-f60f5ef elementor-widget elementor-widget-spacer\" data-id=\"f60f5ef\" data-element_type=\"widget\" data-e-type=\"widget\" data-widget_type=\"spacer.default\">\n\t\t\t\t\t\t\t<div class=\"elementor-spacer\">\n\t\t\t<div class=\"elementor-spacer-inner\"><\/div>\n\t\t<\/div>\n\t\t\t\t\t\t<\/div>\n\t\t\t\t\t<\/div>\n\t\t\t\t<\/div>\n\t\t\t\t<\/div>\n\t\t","protected":false},"excerpt":{"rendered":"<p>Actions en sant\u00e9 en faveur des publics en bidonvilles et squats Ce dispositif vise \u00e0 promouvoir l\u2019insertion des familles en se positionnant sur le volet sant\u00e9 comme d\u00e9terminant primordial \u00e0 tout projet d\u2019insertion vers l\u2019emploi et le logement. Il peut accompagner 100 personnes, sans limite de dur\u00e9e. Objectifs Inscrire l\u2019association comme actrice de la r\u00e9sorption [&hellip;]<\/p>\n","protected":false},"author":1,"featured_media":0,"parent":0,"menu_order":0,"comment_status":"closed","ping_status":"closed","template":"","meta":{"footnotes":""},"class_list":["post-317","page","type-page","status-publish","hentry"],"_links":{"self":[{"href":"https:\/\/avih.org\/index.php\/wp-json\/wp\/v2\/pages\/317","targetHints":{"allow":["GET"]}}],"collection":[{"href":"https:\/\/avih.org\/index.php\/wp-json\/wp\/v2\/pages"}],"about":[{"href":"https:\/\/avih.org\/index.php\/wp-json\/wp\/v2\/types\/page"}],"author":[{"embeddable":true,"href":"https:\/\/avih.org\/index.php\/wp-json\/wp\/v2\/users\/1"}],"replies":[{"embeddable":true,"href":"https:\/\/avih.org\/index.php\/wp-json\/wp\/v2\/comments?post=317"}],"version-history":[{"count":34,"href":"https:\/\/avih.org\/index.php\/wp-json\/wp\/v2\/pages\/317\/revisions"}],"predecessor-version":[{"id":1531,"href":"https:\/\/avih.org\/index.php\/wp-json\/wp\/v2\/pages\/317\/revisions\/1531"}],"wp:attachment":[{"href":"https:\/\/avih.org\/index.php\/wp-json\/wp\/v2\/media?parent=317"}],"curies":[{"name":"wp","href":"https:\/\/api.w.org\/{rel}","templated":true}]}}