{"id":321,"date":"2025-10-02T12:36:58","date_gmt":"2025-10-02T12:36:58","guid":{"rendered":"http:\/\/avih.org\/?page_id=321"},"modified":"2026-02-09T15:07:14","modified_gmt":"2026-02-09T15:07:14","slug":"permanence-inter-associative","status":"publish","type":"page","link":"https:\/\/avih.org\/index.php\/permanence-inter-associative\/","title":{"rendered":"Permanence inter-associative"},"content":{"rendered":"\t\t<div data-elementor-type=\"wp-page\" data-elementor-id=\"321\" class=\"elementor elementor-321\" data-elementor-post-type=\"page\">\n\t\t\t\t<div class=\"elementor-element elementor-element-4e5bce8b e-con-full e-flex e-con e-parent\" data-id=\"4e5bce8b\" data-element_type=\"container\" data-e-type=\"container\" data-settings=\"{&quot;background_background&quot;:&quot;classic&quot;}\">\n\t\t\t\t<\/div>\n\t\t<div class=\"elementor-element elementor-element-68aadae2 e-flex e-con-boxed e-con e-parent\" data-id=\"68aadae2\" data-element_type=\"container\" data-e-type=\"container\">\n\t\t\t\t\t<div class=\"e-con-inner\">\n\t\t\t\t<div class=\"elementor-element elementor-element-38771a85 elementor-widget elementor-widget-spacer\" data-id=\"38771a85\" data-element_type=\"widget\" data-e-type=\"widget\" data-widget_type=\"spacer.default\">\n\t\t\t\t\t\t\t<div class=\"elementor-spacer\">\n\t\t\t<div class=\"elementor-spacer-inner\"><\/div>\n\t\t<\/div>\n\t\t\t\t\t\t<\/div>\n\t\t\t\t\t<\/div>\n\t\t\t\t<\/div>\n\t\t<div class=\"elementor-element elementor-element-3e28e8c2 e-flex e-con-boxed e-con e-parent\" data-id=\"3e28e8c2\" data-element_type=\"container\" data-e-type=\"container\">\n\t\t\t\t\t<div class=\"e-con-inner\">\n\t\t\t\t<div class=\"elementor-element elementor-element-16580ae elementor-widget elementor-widget-heading\" data-id=\"16580ae\" data-element_type=\"widget\" data-e-type=\"widget\" data-widget_type=\"heading.default\">\n\t\t\t\t\t<h2 class=\"elementor-heading-title elementor-size-default\">La permanence inter-associative<\/h2>\t\t\t\t<\/div>\n\t\t\t\t\t<\/div>\n\t\t\t\t<\/div>\n\t\t<div class=\"elementor-element elementor-element-410c8b2f e-flex e-con-boxed e-con e-parent\" data-id=\"410c8b2f\" data-element_type=\"container\" data-e-type=\"container\">\n\t\t\t\t\t<div class=\"e-con-inner\">\n\t\t\t\t<div class=\"elementor-element elementor-element-7f3987 elementor-widget elementor-widget-spacer\" data-id=\"7f3987\" data-element_type=\"widget\" data-e-type=\"widget\" data-widget_type=\"spacer.default\">\n\t\t\t\t\t\t\t<div class=\"elementor-spacer\">\n\t\t\t<div class=\"elementor-spacer-inner\"><\/div>\n\t\t<\/div>\n\t\t\t\t\t\t<\/div>\n\t\t\t\t\t<\/div>\n\t\t\t\t<\/div>\n\t\t<div class=\"elementor-element elementor-element-5d013007 e-flex e-con-boxed e-con e-parent\" data-id=\"5d013007\" data-element_type=\"container\" data-e-type=\"container\">\n\t\t\t\t\t<div class=\"e-con-inner\">\n\t\t\t\t<div class=\"elementor-element elementor-element-669d1f1c elementor-widget elementor-widget-text-editor\" data-id=\"669d1f1c\" data-element_type=\"widget\" data-e-type=\"widget\" data-widget_type=\"text-editor.default\">\n\t\t\t\t\t\t\t\t\t<p>Un <strong>espace d\u2019accueil<\/strong> pour les <strong>personnes en grande pr\u00e9carit\u00e9<\/strong> pens\u00e9 pour regrouper divers <strong>professionnels associatifs et b\u00e9n\u00e9voles<\/strong> afin de r\u00e9pondre aux diff\u00e9rentes <strong>difficult\u00e9s<\/strong> rencontr\u00e9es par les personnes.<\/p>\t\t\t\t\t\t\t\t<\/div>\n\t\t\t\t\t<\/div>\n\t\t\t\t<\/div>\n\t\t<div class=\"elementor-element elementor-element-5a4f78a1 e-flex e-con-boxed e-con e-parent\" data-id=\"5a4f78a1\" data-element_type=\"container\" data-e-type=\"container\">\n\t\t\t\t\t<div class=\"e-con-inner\">\n\t\t\t\t<div class=\"elementor-element elementor-element-32cd18f8 elementor-widget elementor-widget-spacer\" data-id=\"32cd18f8\" data-element_type=\"widget\" data-e-type=\"widget\" data-widget_type=\"spacer.default\">\n\t\t\t\t\t\t\t<div class=\"elementor-spacer\">\n\t\t\t<div class=\"elementor-spacer-inner\"><\/div>\n\t\t<\/div>\n\t\t\t\t\t\t<\/div>\n\t\t\t\t\t<\/div>\n\t\t\t\t<\/div>\n\t\t<div class=\"elementor-element elementor-element-7e4669e5 e-flex e-con-boxed e-con e-parent\" data-id=\"7e4669e5\" data-element_type=\"container\" data-e-type=\"container\">\n\t\t\t\t\t<div class=\"e-con-inner\">\n\t\t<div class=\"elementor-element elementor-element-2efbdd77 e-con-full e-flex e-con e-child\" data-id=\"2efbdd77\" data-element_type=\"container\" data-e-type=\"container\">\n\t\t<div class=\"elementor-element elementor-element-688bd332 e-con-full e-flex e-con e-child\" data-id=\"688bd332\" data-element_type=\"container\" data-e-type=\"container\">\n\t\t\t\t<div class=\"elementor-element elementor-element-6c01b0a elementor-widget elementor-widget-heading\" data-id=\"6c01b0a\" data-element_type=\"widget\" data-e-type=\"widget\" data-widget_type=\"heading.default\">\n\t\t\t\t\t<h2 class=\"elementor-heading-title elementor-size-default\">Objectifs<\/h2>\t\t\t\t<\/div>\n\t\t\t\t<div class=\"elementor-element elementor-element-700f2605 elementor-widget elementor-widget-spacer\" data-id=\"700f2605\" data-element_type=\"widget\" data-e-type=\"widget\" data-widget_type=\"spacer.default\">\n\t\t\t\t\t\t\t<div class=\"elementor-spacer\">\n\t\t\t<div class=\"elementor-spacer-inner\"><\/div>\n\t\t<\/div>\n\t\t\t\t\t\t<\/div>\n\t\t\t\t<div class=\"elementor-element elementor-element-3af89e80 elementor-widget elementor-widget-text-editor\" data-id=\"3af89e80\" data-element_type=\"widget\" data-e-type=\"widget\" data-widget_type=\"text-editor.default\">\n\t\t\t\t\t\t\t\t\t<ul><li><strong>Lutter contre les in\u00e9galit\u00e9s de sant\u00e9<\/strong> et le non-recours aux droits<\/li><li><strong>Promouvoir la sant\u00e9 globale<\/strong>, notamment celle des femmes vuln\u00e9rables<\/li><li><strong>Accompagner vers le droit commun<\/strong> (sant\u00e9, logement, insertion\u2026)<\/li><li><strong>Favoriser une prise en charge coordonn\u00e9e<\/strong> et pluridisciplinaire<\/li><li><strong>Rompre l\u2019isolement social<\/strong> et la fracture num\u00e9rique<\/li><li><strong>Valoriser les partenariats associatifs<\/strong> et mutualiser les comp\u00e9tences<\/li><\/ul>\t\t\t\t\t\t\t\t<\/div>\n\t\t\t\t<\/div>\n\t\t<div class=\"elementor-element elementor-element-25fc3827 e-con-full e-flex e-con e-child\" data-id=\"25fc3827\" data-element_type=\"container\" data-e-type=\"container\">\n\t\t\t\t<div class=\"elementor-element elementor-element-665444a6 elementor-widget elementor-widget-heading\" data-id=\"665444a6\" data-element_type=\"widget\" data-e-type=\"widget\" data-widget_type=\"heading.default\">\n\t\t\t\t\t<h2 class=\"elementor-heading-title elementor-size-default\">Public cible<\/h2>\t\t\t\t<\/div>\n\t\t\t\t<div class=\"elementor-element elementor-element-20c8f9f8 elementor-widget elementor-widget-spacer\" data-id=\"20c8f9f8\" data-element_type=\"widget\" data-e-type=\"widget\" data-widget_type=\"spacer.default\">\n\t\t\t\t\t\t\t<div class=\"elementor-spacer\">\n\t\t\t<div class=\"elementor-spacer-inner\"><\/div>\n\t\t<\/div>\n\t\t\t\t\t\t<\/div>\n\t\t\t\t<div class=\"elementor-element elementor-element-53677c64 elementor-widget elementor-widget-text-editor\" data-id=\"53677c64\" data-element_type=\"widget\" data-e-type=\"widget\" data-widget_type=\"text-editor.default\">\n\t\t\t\t\t\t\t\t\t<ul><li><strong>Personnes en grande pr\u00e9carit\u00e9<\/strong>, sans domicile, h\u00e9berg\u00e9es \u00e0 l\u2019h\u00f4tel<\/li><li><strong>Familles vivant en habitat indigne<\/strong> ou h\u00e9berg\u00e9es chez des tiers<\/li><li><strong>Personnes migrantes ou\u00a0 en situation administrative complexe<\/strong><\/li><li><strong>Publics \u00e9loign\u00e9s des dispositifs classiques<\/strong> de soins ou d\u2019accompagnement<\/li><\/ul>\t\t\t\t\t\t\t\t<\/div>\n\t\t\t\t<\/div>\n\t\t\t\t<\/div>\n\t\t\t\t\t<\/div>\n\t\t\t\t<\/div>\n\t\t<div class=\"elementor-element elementor-element-119ac1ea e-flex e-con-boxed e-con e-parent\" data-id=\"119ac1ea\" data-element_type=\"container\" data-e-type=\"container\">\n\t\t\t\t\t<div class=\"e-con-inner\">\n\t\t\t\t<div class=\"elementor-element elementor-element-19b78160 elementor-widget elementor-widget-spacer\" data-id=\"19b78160\" data-element_type=\"widget\" data-e-type=\"widget\" data-widget_type=\"spacer.default\">\n\t\t\t\t\t\t\t<div class=\"elementor-spacer\">\n\t\t\t<div class=\"elementor-spacer-inner\"><\/div>\n\t\t<\/div>\n\t\t\t\t\t\t<\/div>\n\t\t\t\t\t<\/div>\n\t\t\t\t<\/div>\n\t\t<div class=\"elementor-element elementor-element-3645420b e-flex e-con-boxed e-con e-parent\" data-id=\"3645420b\" data-element_type=\"container\" data-e-type=\"container\">\n\t\t\t\t\t<div class=\"e-con-inner\">\n\t\t<div class=\"elementor-element elementor-element-5a1f25eb e-con-full e-flex e-con e-child\" data-id=\"5a1f25eb\" data-element_type=\"container\" data-e-type=\"container\">\n\t\t\t\t<div class=\"elementor-element elementor-element-7facd0db elementor-widget elementor-widget-image\" data-id=\"7facd0db\" data-element_type=\"widget\" data-e-type=\"widget\" data-widget_type=\"image.default\">\n\t\t\t\t\t\t\t\t\t\t\t\t\t\t\t<img fetchpriority=\"high\" decoding=\"async\" width=\"561\" height=\"462\" src=\"https:\/\/avih.org\/wp-content\/uploads\/2025\/10\/carte_77_2.png\" class=\"attachment-full size-full wp-image-599\" alt=\"\" srcset=\"https:\/\/avih.org\/wp-content\/uploads\/2025\/10\/carte_77_2.png 561w, https:\/\/avih.org\/wp-content\/uploads\/2025\/10\/carte_77_2-300x247.png 300w\" sizes=\"(max-width: 561px) 100vw, 561px\" \/>\t\t\t\t\t\t\t\t\t\t\t\t\t\t\t<\/div>\n\t\t\t\t<\/div>\n\t\t<div class=\"elementor-element elementor-element-60e11489 e-con-full e-flex e-con e-child\" data-id=\"60e11489\" data-element_type=\"container\" data-e-type=\"container\">\n\t\t\t\t<div class=\"elementor-element elementor-element-fb91221 elementor-widget elementor-widget-heading\" data-id=\"fb91221\" data-element_type=\"widget\" data-e-type=\"widget\" data-widget_type=\"heading.default\">\n\t\t\t\t\t<h2 class=\"elementor-heading-title elementor-size-default\">Territoire d'intervention<\/h2>\t\t\t\t<\/div>\n\t\t\t\t<div class=\"elementor-element elementor-element-b7122fc elementor-widget elementor-widget-text-editor\" data-id=\"b7122fc\" data-element_type=\"widget\" data-e-type=\"widget\" data-widget_type=\"text-editor.default\">\n\t\t\t\t\t\t\t\t\t<p><strong>Accueil \u00e0 Lognes (77) \u2013 locaux de l\u2019AViH<\/strong><br \/>Public accueilli venant de toute la Seine-et-Marne et de d\u00e9partements limitrophes<\/p>\t\t\t\t\t\t\t\t<\/div>\n\t\t\t\t<\/div>\n\t\t\t\t\t<\/div>\n\t\t\t\t<\/div>\n\t\t<div class=\"elementor-element elementor-element-7156e4c0 e-flex e-con-boxed e-con e-parent\" data-id=\"7156e4c0\" data-element_type=\"container\" data-e-type=\"container\">\n\t\t\t\t\t<div class=\"e-con-inner\">\n\t\t\t\t<div class=\"elementor-element elementor-element-3a7d4e5c elementor-widget elementor-widget-spacer\" data-id=\"3a7d4e5c\" data-element_type=\"widget\" data-e-type=\"widget\" data-widget_type=\"spacer.default\">\n\t\t\t\t\t\t\t<div class=\"elementor-spacer\">\n\t\t\t<div class=\"elementor-spacer-inner\"><\/div>\n\t\t<\/div>\n\t\t\t\t\t\t<\/div>\n\t\t\t\t\t<\/div>\n\t\t\t\t<\/div>\n\t\t<div class=\"elementor-element elementor-element-6ec3dc90 e-con-full e-flex e-con e-parent\" data-id=\"6ec3dc90\" data-element_type=\"container\" data-e-type=\"container\">\n\t\t<div class=\"elementor-element elementor-element-5df4cd65 e-con-full e-flex e-con e-child\" data-id=\"5df4cd65\" data-element_type=\"container\" data-e-type=\"container\">\n\t\t\t\t<div class=\"elementor-element elementor-element-3604255a elementor-widget elementor-widget-heading\" data-id=\"3604255a\" data-element_type=\"widget\" data-e-type=\"widget\" data-widget_type=\"heading.default\">\n\t\t\t\t\t<h2 class=\"elementor-heading-title elementor-size-default\">Actions<\/h2>\t\t\t\t<\/div>\n\t\t\t\t<div class=\"elementor-element elementor-element-54251da5 elementor-widget elementor-widget-text-editor\" data-id=\"54251da5\" data-element_type=\"widget\" data-e-type=\"widget\" data-widget_type=\"text-editor.default\">\n\t\t\t\t\t\t\t\t\t<ul><li>Sant\u00e9 :<ul><li>Bilans infirmiers<\/li><li>Orientation vers soins de ville ou hospitaliers<\/li><li>Aide \u00e0 la compr\u00e9hension des pathologies<\/li><li>Accompagnement \u00e0 l\u2019ouverture des droits(AME, PUMA, CSS\u2026)<\/li><li>Pr\u00e9vention et d\u00e9pistages<\/li><\/ul><\/li><li>Socio-administratif avec l\u2019appui des partenaires pr\u00e9sents selon les th\u00e9matiques :<ul><li>\u00c9valuations globales<\/li><li>D\u00e9marches droit d\u2019asile, titres de s\u00e9jour<\/li><li>Accueil convivial, avec interpr\u00e9tariat si besoin<\/li><li><span style=\"color: #808080;\">Aide \u00e0 la recherche de domiciliation, CV, scolarisation<\/span><\/li><li><span style=\"color: #808080;\">Aide autour des difficult\u00e9s li\u00e9es \u00e0 l\u2019h\u00e9bergement,<\/span><br \/><span style=\"color: #808080;\">logement social<\/span><\/li><li><span style=\"color: #808080;\">Soutien CAF, P\u00f4le Emploi, num\u00e9rique<\/span><\/li><\/ul><\/li><\/ul><p><em><br \/>(Actuellement, certaines de ces actions ne sont pas r\u00e9alisables, nous sommes \u00e0 la recherche de <\/em><em>professionnels et b\u00e9n\u00e9voles pouvant int\u00e9grer cet espace pour r\u00e9pondre aux th\u00e9matiques ci-dessus gris\u00e9es)<\/em><\/p>\t\t\t\t\t\t\t\t<\/div>\n\t\t\t\t<\/div>\n\t\t<div class=\"elementor-element elementor-element-71f09fbd e-con-full e-flex e-con e-child\" data-id=\"71f09fbd\" data-element_type=\"container\" data-e-type=\"container\">\n\t\t\t\t<div class=\"elementor-element elementor-element-3c6051a2 elementor-widget elementor-widget-image\" data-id=\"3c6051a2\" data-element_type=\"widget\" data-e-type=\"widget\" data-widget_type=\"image.default\">\n\t\t\t\t\t\t\t\t\t\t\t\t\t\t\t<img decoding=\"async\" width=\"2560\" height=\"1340\" src=\"https:\/\/avih.org\/wp-content\/uploads\/2025\/10\/perm_inter-asso-scaled.png\" class=\"attachment-full size-full wp-image-597\" alt=\"\" srcset=\"https:\/\/avih.org\/wp-content\/uploads\/2025\/10\/perm_inter-asso-scaled.png 2560w, https:\/\/avih.org\/wp-content\/uploads\/2025\/10\/perm_inter-asso-300x157.png 300w, https:\/\/avih.org\/wp-content\/uploads\/2025\/10\/perm_inter-asso-1024x536.png 1024w, https:\/\/avih.org\/wp-content\/uploads\/2025\/10\/perm_inter-asso-768x402.png 768w, https:\/\/avih.org\/wp-content\/uploads\/2025\/10\/perm_inter-asso-1536x804.png 1536w, https:\/\/avih.org\/wp-content\/uploads\/2025\/10\/perm_inter-asso-2048x1072.png 2048w\" sizes=\"(max-width: 2560px) 100vw, 2560px\" \/>\t\t\t\t\t\t\t\t\t\t\t\t\t\t\t<\/div>\n\t\t\t\t<\/div>\n\t\t\t\t<\/div>\n\t\t<div class=\"elementor-element elementor-element-7550af13 e-flex e-con-boxed e-con e-parent\" data-id=\"7550af13\" data-element_type=\"container\" data-e-type=\"container\">\n\t\t\t\t\t<div class=\"e-con-inner\">\n\t\t\t\t<div class=\"elementor-element elementor-element-5c284819 elementor-widget elementor-widget-spacer\" data-id=\"5c284819\" data-element_type=\"widget\" data-e-type=\"widget\" data-widget_type=\"spacer.default\">\n\t\t\t\t\t\t\t<div class=\"elementor-spacer\">\n\t\t\t<div class=\"elementor-spacer-inner\"><\/div>\n\t\t<\/div>\n\t\t\t\t\t\t<\/div>\n\t\t\t\t\t<\/div>\n\t\t\t\t<\/div>\n\t\t<div class=\"elementor-element elementor-element-697e7f5a e-flex e-con-boxed e-con e-parent\" data-id=\"697e7f5a\" data-element_type=\"container\" data-e-type=\"container\">\n\t\t\t\t\t<div class=\"e-con-inner\">\n\t\t\t\t<div class=\"elementor-element elementor-element-28943140 elementor-widget elementor-widget-heading\" data-id=\"28943140\" data-element_type=\"widget\" data-e-type=\"widget\" data-widget_type=\"heading.default\">\n\t\t\t\t\t<h2 class=\"elementor-heading-title elementor-size-default\">Mode d'orientation<\/h2>\t\t\t\t<\/div>\n\t\t\t\t<div class=\"elementor-element elementor-element-5d88df3 elementor-widget elementor-widget-spacer\" data-id=\"5d88df3\" data-element_type=\"widget\" data-e-type=\"widget\" data-widget_type=\"spacer.default\">\n\t\t\t\t\t\t\t<div class=\"elementor-spacer\">\n\t\t\t<div class=\"elementor-spacer-inner\"><\/div>\n\t\t<\/div>\n\t\t\t\t\t\t<\/div>\n\t\t\t\t\t<\/div>\n\t\t\t\t<\/div>\n\t\t<div class=\"elementor-element elementor-element-8753942 e-flex e-con-boxed e-con e-parent\" data-id=\"8753942\" data-element_type=\"container\" data-e-type=\"container\">\n\t\t\t\t\t<div class=\"e-con-inner\">\n\t\t<div class=\"elementor-element elementor-element-1e74efb e-con-full e-flex e-con e-child\" data-id=\"1e74efb\" data-element_type=\"container\" data-e-type=\"container\">\n\t\t\t\t<div class=\"elementor-element elementor-element-b0f0a65 elementor-position-top elementor-widget elementor-widget-image-box\" data-id=\"b0f0a65\" data-element_type=\"widget\" data-e-type=\"widget\" data-widget_type=\"image-box.default\">\n\t\t\t\t\t<div class=\"elementor-image-box-wrapper\"><figure class=\"elementor-image-box-img\"><img decoding=\"async\" width=\"801\" height=\"801\" src=\"https:\/\/avih.org\/wp-content\/uploads\/2025\/10\/horaires.png\" class=\"attachment-full size-full wp-image-676\" alt=\"\" srcset=\"https:\/\/avih.org\/wp-content\/uploads\/2025\/10\/horaires.png 801w, https:\/\/avih.org\/wp-content\/uploads\/2025\/10\/horaires-300x300.png 300w, https:\/\/avih.org\/wp-content\/uploads\/2025\/10\/horaires-150x150.png 150w, https:\/\/avih.org\/wp-content\/uploads\/2025\/10\/horaires-768x768.png 768w\" sizes=\"(max-width: 801px) 100vw, 801px\" \/><\/figure><div class=\"elementor-image-box-content\"><p class=\"elementor-image-box-description\">Sans rendez-vous,\n<br>tous les mardis de 15h \u00e0 18h<\/p><\/div><\/div>\t\t\t\t<\/div>\n\t\t\t\t<\/div>\n\t\t<div class=\"elementor-element elementor-element-767ef9a e-con-full e-flex e-con e-child\" data-id=\"767ef9a\" data-element_type=\"container\" data-e-type=\"container\">\n\t\t\t\t<div class=\"elementor-element elementor-element-1aae412 elementor-position-top elementor-widget elementor-widget-image-box\" data-id=\"1aae412\" data-element_type=\"widget\" data-e-type=\"widget\" data-widget_type=\"image-box.default\">\n\t\t\t\t\t<div class=\"elementor-image-box-wrapper\"><figure class=\"elementor-image-box-img\"><img loading=\"lazy\" decoding=\"async\" width=\"801\" height=\"801\" src=\"https:\/\/avih.org\/wp-content\/uploads\/2025\/10\/partenariats-1.png\" class=\"attachment-full size-full wp-image-677\" alt=\"\" srcset=\"https:\/\/avih.org\/wp-content\/uploads\/2025\/10\/partenariats-1.png 801w, https:\/\/avih.org\/wp-content\/uploads\/2025\/10\/partenariats-1-300x300.png 300w, https:\/\/avih.org\/wp-content\/uploads\/2025\/10\/partenariats-1-150x150.png 150w, https:\/\/avih.org\/wp-content\/uploads\/2025\/10\/partenariats-1-768x768.png 768w\" sizes=\"(max-width: 801px) 100vw, 801px\" \/><\/figure><div class=\"elementor-image-box-content\"><p class=\"elementor-image-box-description\">Acc\u00e8s libre,<br>rep\u00e9rage\npossible via les partenaires<\/p><\/div><\/div>\t\t\t\t<\/div>\n\t\t\t\t<\/div>\n\t\t\t\t\t<\/div>\n\t\t\t\t<\/div>\n\t\t<div class=\"elementor-element elementor-element-2afef923 e-flex e-con-boxed e-con e-parent\" data-id=\"2afef923\" data-element_type=\"container\" data-e-type=\"container\">\n\t\t\t\t\t<div class=\"e-con-inner\">\n\t\t\t\t<div class=\"elementor-element elementor-element-42439c00 elementor-widget elementor-widget-spacer\" data-id=\"42439c00\" data-element_type=\"widget\" data-e-type=\"widget\" data-widget_type=\"spacer.default\">\n\t\t\t\t\t\t\t<div class=\"elementor-spacer\">\n\t\t\t<div class=\"elementor-spacer-inner\"><\/div>\n\t\t<\/div>\n\t\t\t\t\t\t<\/div>\n\t\t\t\t\t<\/div>\n\t\t\t\t<\/div>\n\t\t<div class=\"elementor-element elementor-element-3e604625 e-flex e-con-boxed e-con e-parent\" data-id=\"3e604625\" data-element_type=\"container\" data-e-type=\"container\" data-settings=\"{&quot;background_background&quot;:&quot;classic&quot;}\">\n\t\t\t\t\t<div class=\"e-con-inner\">\n\t\t\t\t<div class=\"elementor-element elementor-element-5591d72c elementor-widget elementor-widget-heading\" data-id=\"5591d72c\" data-element_type=\"widget\" data-e-type=\"widget\" data-widget_type=\"heading.default\">\n\t\t\t\t\t<h2 class=\"elementor-heading-title elementor-size-default\">Cadre r\u00e9glementaire<\/h2>\t\t\t\t<\/div>\n\t\t\t\t<div class=\"elementor-element elementor-element-644489e0 elementor-widget elementor-widget-text-editor\" data-id=\"644489e0\" data-element_type=\"widget\" data-e-type=\"widget\" data-widget_type=\"text-editor.default\">\n\t\t\t\t\t\t\t\t\t<ul><li>Dispositif port\u00e9 par l\u2019AViH, soutenu par une coop\u00e9rative d\u2019acteurs locaux<\/li><li>Inspir\u00e9 des principes de lieu d\u2019accueil unique<\/li><li>R\u00e9ponse territoriale \u00e0 la fracture sociale et sanitaire, renforc\u00e9e depuis la crise Covid<\/li><li>Inscrit dans la lutte contre les in\u00e9galit\u00e9s de sant\u00e9 et sociales au niveau d\u00e9partemental<\/li><\/ul>\t\t\t\t\t\t\t\t<\/div>\n\t\t\t\t\t<\/div>\n\t\t\t\t<\/div>\n\t\t<div class=\"elementor-element elementor-element-a745706 e-flex e-con-boxed e-con e-parent\" data-id=\"a745706\" data-element_type=\"container\" data-e-type=\"container\">\n\t\t\t\t\t<div class=\"e-con-inner\">\n\t\t\t\t<div class=\"elementor-element elementor-element-3ffdcfc0 elementor-widget elementor-widget-spacer\" data-id=\"3ffdcfc0\" data-element_type=\"widget\" data-e-type=\"widget\" data-widget_type=\"spacer.default\">\n\t\t\t\t\t\t\t<div class=\"elementor-spacer\">\n\t\t\t<div class=\"elementor-spacer-inner\"><\/div>\n\t\t<\/div>\n\t\t\t\t\t\t<\/div>\n\t\t\t\t<div class=\"elementor-element elementor-element-7b9dfa4e elementor-align-right elementor-widget elementor-widget-button\" data-id=\"7b9dfa4e\" data-element_type=\"widget\" data-e-type=\"widget\" data-widget_type=\"button.default\">\n\t\t\t\t\t\t\t\t\t\t<a class=\"elementor-button elementor-button-link elementor-size-sm\" href=\"https:\/\/avih.org\/index.php\/contact\/\">\n\t\t\t\t\t\t<span class=\"elementor-button-content-wrapper\">\n\t\t\t\t\t\t\t\t\t<span class=\"elementor-button-text\">Contactez-nous<\/span>\n\t\t\t\t\t<\/span>\n\t\t\t\t\t<\/a>\n\t\t\t\t\t\t\t\t<\/div>\n\t\t\t\t\t<\/div>\n\t\t\t\t<\/div>\n\t\t<div class=\"elementor-element elementor-element-2955cd5 e-flex e-con-boxed e-con e-parent\" data-id=\"2955cd5\" data-element_type=\"container\" data-e-type=\"container\">\n\t\t\t\t\t<div class=\"e-con-inner\">\n\t\t\t\t<div class=\"elementor-element elementor-element-5b3f1625 elementor-widget elementor-widget-spacer\" data-id=\"5b3f1625\" data-element_type=\"widget\" data-e-type=\"widget\" data-widget_type=\"spacer.default\">\n\t\t\t\t\t\t\t<div class=\"elementor-spacer\">\n\t\t\t<div class=\"elementor-spacer-inner\"><\/div>\n\t\t<\/div>\n\t\t\t\t\t\t<\/div>\n\t\t\t\t\t<\/div>\n\t\t\t\t<\/div>\n\t\t\t\t<\/div>\n\t\t","protected":false},"excerpt":{"rendered":"<p>La permanence inter-associative Un espace d\u2019accueil pour les personnes en grande pr\u00e9carit\u00e9 pens\u00e9 pour regrouper divers professionnels associatifs et b\u00e9n\u00e9voles afin de r\u00e9pondre aux diff\u00e9rentes difficult\u00e9s rencontr\u00e9es par les personnes. Objectifs Lutter contre les in\u00e9galit\u00e9s de sant\u00e9 et le non-recours aux droits Promouvoir la sant\u00e9 globale, notamment celle des femmes vuln\u00e9rables Accompagner vers le droit [&hellip;]<\/p>\n","protected":false},"author":1,"featured_media":0,"parent":0,"menu_order":0,"comment_status":"closed","ping_status":"closed","template":"","meta":{"footnotes":""},"class_list":["post-321","page","type-page","status-publish","hentry"],"_links":{"self":[{"href":"https:\/\/avih.org\/index.php\/wp-json\/wp\/v2\/pages\/321","targetHints":{"allow":["GET"]}}],"collection":[{"href":"https:\/\/avih.org\/index.php\/wp-json\/wp\/v2\/pages"}],"about":[{"href":"https:\/\/avih.org\/index.php\/wp-json\/wp\/v2\/types\/page"}],"author":[{"embeddable":true,"href":"https:\/\/avih.org\/index.php\/wp-json\/wp\/v2\/users\/1"}],"replies":[{"embeddable":true,"href":"https:\/\/avih.org\/index.php\/wp-json\/wp\/v2\/comments?post=321"}],"version-history":[{"count":34,"href":"https:\/\/avih.org\/index.php\/wp-json\/wp\/v2\/pages\/321\/revisions"}],"predecessor-version":[{"id":1537,"href":"https:\/\/avih.org\/index.php\/wp-json\/wp\/v2\/pages\/321\/revisions\/1537"}],"wp:attachment":[{"href":"https:\/\/avih.org\/index.php\/wp-json\/wp\/v2\/media?parent=321"}],"curies":[{"name":"wp","href":"https:\/\/api.w.org\/{rel}","templated":true}]}}